{"id":1212,"date":"2017-03-29T08:53:55","date_gmt":"2017-03-29T07:53:55","guid":{"rendered":"https:\/\/valenciasjb.salesianos.edu\/colegio\/?page_id=1212"},"modified":"2026-06-19T11:35:10","modified_gmt":"2026-06-19T10:35:10","slug":"infantil","status":"publish","type":"page","link":"https:\/\/valenciasjb.salesianos.edu\/colegio\/infantil\/","title":{"rendered":"Infantil"},"content":{"rendered":"<div id=\"fb-root\"><\/div>\n<p>[et_pb_section fb_built=\u00bb1&#8243; fullwidth=\u00bbon\u00bb _builder_version=\u00bb4.16&#8243; background_image=\u00bbhttps:\/\/valenciasjb.salesianos.edu\/colegio\/wp-content\/uploads\/sites\/2\/2017\/03\/aula-infantil.jpg\u00bb global_colors_info=\u00bb{}\u00bb][et_pb_fullwidth_header title=\u00bbEducaci\u00f3n Infantil\u00bb title_font_color=\u00bb#ffffff\u00bb module_class=\u00bbpagina-imagen-cabecera\u00bb _builder_version=\u00bb4.16&#8243; title_text_color=\u00bb#ffffff\u00bb title_font_size=\u00bb40px\u00bb background_color=\u00bbrgba(255, 255, 255, 0)\u00bb background_image=\u00bbhttps:\/\/valenciasjb.salesianos.edu\/colegio\/wp-content\/uploads\/sites\/2\/2017\/10\/Salesianos-banner-infantil.jpg\u00bb max_width_tablet=\u00bb50px\u00bb background_url=\u00bbhttps:\/\/alicante.salesianos.edu\/colegio\/wp-content\/uploads\/sites\/2\/2017\/03\/Captura-de-pantalla-2017-03-21-a-las-17.25.56.png\u00bb global_colors_info=\u00bb{}\u00bb button_one_text_size__hover_enabled=\u00bboff\u00bb button_one_text_size__hover=\u00bbnull\u00bb button_two_text_size__hover_enabled=\u00bboff\u00bb button_two_text_size__hover=\u00bbnull\u00bb button_one_text_color__hover_enabled=\u00bboff\u00bb button_one_text_color__hover=\u00bbnull\u00bb button_two_text_color__hover_enabled=\u00bboff\u00bb button_two_text_color__hover=\u00bbnull\u00bb button_one_border_width__hover_enabled=\u00bboff\u00bb button_one_border_width__hover=\u00bbnull\u00bb button_two_border_width__hover_enabled=\u00bboff\u00bb button_two_border_width__hover=\u00bbnull\u00bb button_one_border_color__hover_enabled=\u00bboff\u00bb button_one_border_color__hover=\u00bbnull\u00bb button_two_border_color__hover_enabled=\u00bboff\u00bb button_two_border_color__hover=\u00bbnull\u00bb button_one_border_radius__hover_enabled=\u00bboff\u00bb button_one_border_radius__hover=\u00bbnull\u00bb button_two_border_radius__hover_enabled=\u00bboff\u00bb button_two_border_radius__hover=\u00bbnull\u00bb button_one_letter_spacing__hover_enabled=\u00bboff\u00bb button_one_letter_spacing__hover=\u00bbnull\u00bb button_two_letter_spacing__hover_enabled=\u00bboff\u00bb button_two_letter_spacing__hover=\u00bbnull\u00bb button_one_bg_color__hover_enabled=\u00bboff\u00bb button_one_bg_color__hover=\u00bbnull\u00bb button_two_bg_color__hover_enabled=\u00bboff\u00bb button_two_bg_color__hover=\u00bbnull\u00bb]<br \/>\n[\/et_pb_fullwidth_header][\/et_pb_section][et_pb_section fb_built=\u00bb1&#8243; module_class=\u00bbpagina-seccion-contenido\u00bb _builder_version=\u00bb4.16&#8243; custom_padding=\u00bb0%|||\u00bb global_colors_info=\u00bb{}\u00bb][et_pb_row column_structure=\u00bb1_4,1_2,1_4&#8243; module_class=\u00bbpagina-texto\u00bb _builder_version=\u00bb4.16&#8243; background_size=\u00bbinitial\u00bb background_position=\u00bbtop_left\u00bb background_repeat=\u00bbrepeat\u00bb custom_margin=\u00bb25px|||\u00bb custom_padding=\u00bb9px||0px|\u00bb global_colors_info=\u00bb{}\u00bb][et_pb_column type=\u00bb1_4&#8243; _builder_version=\u00bb4.16&#8243; custom_padding=\u00bb|||\u00bb global_colors_info=\u00bb{}\u00bb custom_padding__hover=\u00bb|||\u00bb][et_pb_text module_class=\u00bbpagina-texto-light\u00bb _builder_version=\u00bb4.16&#8243; text_font=\u00bbLato Light||||\u00bb text_text_color=\u00bb#e02b20&#8243; text_font_size=\u00bb28px\u00bb custom_margin=\u00bb40px||20px|\u00bb global_colors_info=\u00bb{}\u00bb]<\/p>\n<p><strong>Echa un vistazo&#8230;<\/strong><\/p>\n<p>[\/et_pb_text][et_pb_accordion open_toggle_text_color=\u00bb#0c71c3&#8243; open_toggle_background_color=\u00bbrgba(12,113,195,0.26)\u00bb closed_toggle_background_color=\u00bbrgba(224,43,32,0.1)\u00bb icon_color=\u00bb#7cda24&#8243; icon_font_size=\u00bb28px\u00bb _builder_version=\u00bb4.16&#8243; toggle_text_color=\u00bb#bc9a4f\u00bb text_orientation=\u00bbleft\u00bb global_colors_info=\u00bb{}\u00bb][et_pb_accordion_item title=\u00bbProfesorado\u00bb open=\u00bbon\u00bb _builder_version=\u00bb4.16&#8243; global_colors_info=\u00bb{}\u00bb]<\/p>\n<p><img loading=\"lazy\" decoding=\"async\" class=\"wp-image-13257 alignnone size-medium\" src=\"https:\/\/valenciasjb.salesianos.edu\/colegio\/wp-content\/uploads\/sites\/2\/2020\/05\/profesoras-300x225.jpg\" alt=\"\" width=\"300\" height=\"225\" \/><\/p>\n<p><span style=\"font-weight: 400;\">El mayor tesoro que tenemos en este colegio son vuestros hijos, y despu\u00e9s de ellos est\u00e1 el equipo docente que los acompa\u00f1a. <\/span><span style=\"font-weight: 400;\">Se trata de un equipo docente no bueno, excelente\u2026pero no excelente por una titulitis , que tambi\u00e9n\u2026no por un curr\u00edculum lleno de cursos formativos y experiencias\u2026que tambi\u00e9n\u2026sino un equipo docente que es un tesoro, que es excelente por su vocaci\u00f3n, por creer firmemente en la educaci\u00f3n salesiana como un estilo de vida y no como un trabajo, por poner amor en todo lo que hacen pero sobre todo por poner amor en cada uno de vuestros hijos, porque pasan de ser alumnos, a ser \u201csus ni\u00f1os\u201d. Pueden estar ustedes tranquilos de que sus hijos est\u00e1n en las mejores manos que puedan estar, porque aqu\u00ed, en el cole\u2026estar\u00e1n sus \u201cmamis y papis del cole\u201d\u2026<\/span><\/p>\n<p>[\/et_pb_accordion_item][et_pb_accordion_item title=\u00bbJuego libre\u00bb _builder_version=\u00bb4.16&#8243; global_colors_info=\u00bb{}\u00bb open=\u00bboff\u00bb]<\/p>\n<p><span style=\"font-weight: 400;\"><img loading=\"lazy\" decoding=\"async\" src=\"https:\/\/valenciasjb.salesianos.edu\/colegio\/wp-content\/uploads\/sites\/2\/2020\/05\/juego-libre-300x217.jpg\" width=\"300\" height=\"217\" alt=\"\" class=\"wp-image-13148 alignnone size-medium\" \/><\/span><\/p>\n<p><span style=\"font-weight: 400;\">Cuando se trata del desarrollo del cerebro, el tiempo dedicado en el aula puede que sea menos importante que el tiempo dedicado en el patio de recreo al juego libre. Para producir este tipo de desarrollo del cerebro, los ni\u00f1os necesitan dedicar suficiente tiempo al juego libre sin entrenadores, ni \u00e1rbitros, ni reglas externas.<\/span><\/p>\n<p><span style=\"font-weight: 400;\"><img loading=\"lazy\" decoding=\"async\" src=\"https:\/\/valenciasjb.salesianos.edu\/colegio\/wp-content\/uploads\/sites\/2\/2020\/05\/juego-libre-2-300x169.jpg\" width=\"300\" height=\"169\" alt=\"\" class=\"wp-image-13147 alignnone size-medium\" \/><\/span><\/p>\n<p>[\/et_pb_accordion_item][et_pb_accordion_item title=\u00bbPeriodo de adaptaci\u00f3n\u00bb _builder_version=\u00bb4.16&#8243; global_colors_info=\u00bb{}\u00bb open=\u00bboff\u00bb]<\/p>\n<p><img loading=\"lazy\" decoding=\"async\" class=\"wp-image-13241 alignnone size-medium\" src=\"https:\/\/valenciasjb.salesianos.edu\/colegio\/wp-content\/uploads\/sites\/2\/2020\/05\/adaptaci\u00f3n-1-300x225.jpg\" alt=\"\" width=\"300\" height=\"225\" srcset=\"https:\/\/valenciasjb.salesianos.edu\/colegio\/wp-content\/uploads\/sites\/2\/2020\/05\/adaptaci\u00f3n-1-300x225.jpg 300w, https:\/\/valenciasjb.salesianos.edu\/colegio\/wp-content\/uploads\/sites\/2\/2020\/05\/adaptaci\u00f3n-1-768x576.jpg 768w, https:\/\/valenciasjb.salesianos.edu\/colegio\/wp-content\/uploads\/sites\/2\/2020\/05\/adaptaci\u00f3n-1-510x382.jpg 510w, https:\/\/valenciasjb.salesianos.edu\/colegio\/wp-content\/uploads\/sites\/2\/2020\/05\/adaptaci\u00f3n-1-980x735.jpg 980w, https:\/\/valenciasjb.salesianos.edu\/colegio\/wp-content\/uploads\/sites\/2\/2020\/05\/adaptaci\u00f3n-1-480x360.jpg 480w, https:\/\/valenciasjb.salesianos.edu\/colegio\/wp-content\/uploads\/sites\/2\/2020\/05\/adaptaci\u00f3n-1.jpg 1024w\" sizes=\"(max-width: 300px) 100vw, 300px\" \/><\/p>\n<p><span style=\"font-weight: 400;\">Cuando un ni\u00f1o llega al colegio y se separa de sus padres, es decir, del primer y m\u00e1s importante v\u00ednculo de su vida, hay un traspaso de la confianza a los adultos que le acompa\u00f1amos en el colegio. Este es el primer gran paso: que el ni\u00f1o y sus padres conf\u00eden en nosotros que vamos a cuidar de \u00e9l durante el tiempo que no est\u00e9n sus padres.<\/span><\/p>\n<p><span style=\"font-weight: 400;\">Es vital para que este traspaso de confianza se pueda dar con facilidad, que exista un per\u00edodo de tiempo en donde se comparta el espacio a \u00abtres\u00bb, que convivan en el espacio los padres, los ni\u00f1os y las maestras. Esta es la manera de aproximarse a ese otro adulto en un entorno seguro, es decir, cuando todav\u00eda los padres est\u00e1n cerca por si los necesita el ni\u00f1o. Y, a su vez, por parte del educador tambi\u00e9n existe en ese momento la tranquilidad de poder construir el v\u00ednculo en base al placer compartido con el ni\u00f1o y no tanto por situarse como autoridad que pone l\u00edmites y define lo que se puede y lo que no se puede hacer en el espacio.\u00a0<\/span><\/p>\n<p>&nbsp;<\/p>\n<p><span style=\"font-weight: 400;\">La <\/span><b>organizaci\u00f3n <\/b><span style=\"font-weight: 400;\">del per\u00edodo de adaptaci\u00f3n de los alumnos nuevos ser\u00e1 la siguiente::\u00a0<\/span><\/p>\n<p><span style=\"font-weight: 400;\">\u00a0&#8211; <\/span> <span style=\"font-weight: 400;\">Primer d\u00eda: Fiesta de bienvenida en dos grupos seg\u00fan criterios del centro (17:30 y 18:30).<\/span><\/p>\n<p><span style=\"font-weight: 400;\">&#8211; <\/span> <span style=\"font-weight: 400;\">Segundo d\u00eda: Entrada con padres a las aulas en grupos reducidos seg\u00fan criterios del centro (9:30, 10:30 y 11:30).<\/span><\/p>\n<p><span style=\"font-weight: 400;\">&#8211; <\/span> <span style=\"font-weight: 400;\">Resto de la semana: incorporaci\u00f3n progresiva.<\/span><\/p>\n<p><span style=\"font-weight: 400;\">El orden establecido para el per\u00edodo de adaptaci\u00f3n y la prioridad en la entrada de los alumnos\/as se realizar\u00e1 teniendo en cuenta los siguientes criterios:<\/span><\/p>\n<ol>\n<li><span style=\"font-weight: 400;\">a)\u00a0 Existencia de hermanos o hermanas matriculados en el centro.<\/span><\/li>\n<li><span style=\"font-weight: 400;\">b)\u00a0 Alumnos\/as que hacen uso del servicio del comedor escolar.<\/span><\/li>\n<li><span style=\"font-weight: 400;\">c) Cualquier otra circunstancia que obligue a valorar la prioridad de la entrada del ni\u00f1o\/a a la escuela.<\/span><\/li>\n<\/ol>\n<p><img loading=\"lazy\" decoding=\"async\" class=\"wp-image-13242 alignnone size-medium\" src=\"https:\/\/valenciasjb.salesianos.edu\/colegio\/wp-content\/uploads\/sites\/2\/2020\/05\/adaptaci\u00f3n-2-300x225.jpg\" alt=\"\" width=\"300\" height=\"225\" srcset=\"https:\/\/valenciasjb.salesianos.edu\/colegio\/wp-content\/uploads\/sites\/2\/2020\/05\/adaptaci\u00f3n-2-300x225.jpg 300w, https:\/\/valenciasjb.salesianos.edu\/colegio\/wp-content\/uploads\/sites\/2\/2020\/05\/adaptaci\u00f3n-2-768x576.jpg 768w, https:\/\/valenciasjb.salesianos.edu\/colegio\/wp-content\/uploads\/sites\/2\/2020\/05\/adaptaci\u00f3n-2-510x382.jpg 510w, https:\/\/valenciasjb.salesianos.edu\/colegio\/wp-content\/uploads\/sites\/2\/2020\/05\/adaptaci\u00f3n-2-980x735.jpg 980w, https:\/\/valenciasjb.salesianos.edu\/colegio\/wp-content\/uploads\/sites\/2\/2020\/05\/adaptaci\u00f3n-2-480x360.jpg 480w, https:\/\/valenciasjb.salesianos.edu\/colegio\/wp-content\/uploads\/sites\/2\/2020\/05\/adaptaci\u00f3n-2.jpg 1024w\" sizes=\"(max-width: 300px) 100vw, 300px\" \/><\/p>\n<p><img loading=\"lazy\" decoding=\"async\" class=\"wp-image-13243 alignnone size-medium\" src=\"https:\/\/valenciasjb.salesianos.edu\/colegio\/wp-content\/uploads\/sites\/2\/2020\/05\/adaptaicon-3-300x225.jpg\" alt=\"\" width=\"300\" height=\"225\" \/><\/p>\n<p>[\/et_pb_accordion_item][et_pb_accordion_item title=\u00bbEducaci\u00f3n por proyectos\u00bb _builder_version=\u00bb4.16&#8243; global_colors_info=\u00bb{}\u00bb open=\u00bboff\u00bb]<\/p>\n<p><img loading=\"lazy\" decoding=\"async\" class=\"wp-image-13258 alignnone size-medium\" src=\"https:\/\/valenciasjb.salesianos.edu\/colegio\/wp-content\/uploads\/sites\/2\/2020\/05\/proyectos-300x225.jpg\" alt=\"\" width=\"300\" height=\"225\" \/><\/p>\n<p><span style=\"font-weight: 400;\">Estrategia de ense\u00f1anza basada en el constructivismo que permite la adquisici\u00f3n de las inteligencias m\u00faltiples dando paso a la formaci\u00f3n de alumnos motivados, con autoconfianza, emprendedores, innovadores, etc. Dicha metodolog\u00eda pone en el centro del aprendizaje al alumnado consiguiendo un aprendizaje m\u00e1s significativo y adem\u00e1s permite a las familias implicarse en la educaci\u00f3n de sus hijos de una manera m\u00e1s activa. Despu\u00e9s de varios a\u00f1os de constante trabajo, las valoraciones de la metodolog\u00eda son muy positivas.<\/span><\/p>\n<p><a href=\"https:\/\/valenciasjb.salesianos.edu\/colegio\/mariners-i-marineres-nuevo-proyecto-en-5-anos\/\">Noticia del proyecto Mariners y Marineres<\/a><\/p>\n<p>&nbsp;<\/p>\n<p>[\/et_pb_accordion_item][et_pb_accordion_item title=\u00bbTrabajo por rincones\u00bb _builder_version=\u00bb4.16&#8243; global_colors_info=\u00bb{}\u00bb open=\u00bboff\u00bb]<\/p>\n<p><img loading=\"lazy\" decoding=\"async\" class=\"wp-image-13150 alignnone size-medium\" src=\"https:\/\/valenciasjb.salesianos.edu\/colegio\/wp-content\/uploads\/sites\/2\/2020\/05\/rincones1-225x300.jpg\" alt=\"\" width=\"225\" height=\"300\" \/><\/p>\n<p><span style=\"font-weight: 400;\">Espacios delimitados en los que se pueden hacer agrupaciones diversas, ya sea individual, en peque\u00f1o grupo o en gran grupo. Y en ellos se va a ir realizando simult\u00e1neamente las actividades de aprendizaje que van a permitir dar una respuesta adecuada a las diferencias de intereses y de ritmos.\u00a0<\/span><\/p>\n<p><a href=\"https:\/\/www.facebook.com\/ColegioSalesianoSanJuanBoscoValencia\/posts\/2612173312139191\" target=\"_blank\" rel=\"noopener noreferrer\"><span style=\"font-weight: 400;\">Enlace Facebook<\/span><\/a><\/p>\n<p><img loading=\"lazy\" decoding=\"async\" class=\"wp-image-13146 alignnone size-medium\" src=\"https:\/\/valenciasjb.salesianos.edu\/colegio\/wp-content\/uploads\/sites\/2\/2020\/05\/IMG-20200210-WA0037-300x225.jpg\" alt=\"\" width=\"300\" height=\"225\" \/><\/p>\n<p><img loading=\"lazy\" decoding=\"async\" class=\"wp-image-13259 alignnone size-medium\" src=\"https:\/\/valenciasjb.salesianos.edu\/colegio\/wp-content\/uploads\/sites\/2\/2020\/05\/rincones-2-300x225.jpg\" alt=\"\" width=\"300\" height=\"225\" \/><\/p>\n<p>&nbsp;<\/p>\n<p>[\/et_pb_accordion_item][et_pb_accordion_item title=\u00bbEducaci\u00f3n positiva y respetuosa\u00bb _builder_version=\u00bb4.16&#8243; global_colors_info=\u00bb{}\u00bb open=\u00bboff\u00bb]<\/p>\n<p><img loading=\"lazy\" decoding=\"async\" class=\"wp-image-13249 alignnone size-medium\" src=\"https:\/\/valenciasjb.salesianos.edu\/colegio\/wp-content\/uploads\/sites\/2\/2020\/05\/educaci\u00f3n-positiva-300x225.jpg\" alt=\"\" width=\"300\" height=\"225\" srcset=\"https:\/\/valenciasjb.salesianos.edu\/colegio\/wp-content\/uploads\/sites\/2\/2020\/05\/educaci\u00f3n-positiva-300x225.jpg 300w, https:\/\/valenciasjb.salesianos.edu\/colegio\/wp-content\/uploads\/sites\/2\/2020\/05\/educaci\u00f3n-positiva-768x576.jpg 768w, https:\/\/valenciasjb.salesianos.edu\/colegio\/wp-content\/uploads\/sites\/2\/2020\/05\/educaci\u00f3n-positiva-510x382.jpg 510w, https:\/\/valenciasjb.salesianos.edu\/colegio\/wp-content\/uploads\/sites\/2\/2020\/05\/educaci\u00f3n-positiva-980x735.jpg 980w, https:\/\/valenciasjb.salesianos.edu\/colegio\/wp-content\/uploads\/sites\/2\/2020\/05\/educaci\u00f3n-positiva-480x360.jpg 480w, https:\/\/valenciasjb.salesianos.edu\/colegio\/wp-content\/uploads\/sites\/2\/2020\/05\/educaci\u00f3n-positiva.jpg 1024w\" sizes=\"(max-width: 300px) 100vw, 300px\" \/><\/p>\n<p><span style=\"font-weight: 400;\">Educar sin gritos, castigos ni discusiones es posible. Nuestras herramientas son\u00a0 la paciencia, el sentido com\u00fan y la firmeza con nuestros alumnos sin perder de vista el respeto y el cari\u00f1o. La educaci\u00f3n positiva y respetuosa se basa en la colaboraci\u00f3n, en el respeto implicando al ni\u00f1o en la responsabilidad y autonom\u00eda, en el cari\u00f1o, en la libertad de actuaci\u00f3n, en la implicaci\u00f3n de los ni\u00f1os y en el desarrollo del ni\u00f1o de manera sana y feliz. Para ello utilizamos t\u00e9cnicas como el elogio, avisos con antelaci\u00f3n de las consecuencias de una conducta, l\u00edmites claros y conocidos y por \u00faltimo somos ejemplo con nuestras propias actuaciones.\u00a0 <\/span><\/p>\n<p>[\/et_pb_accordion_item][et_pb_accordion_item title=\u00bbHuerto escolar\u00bb _builder_version=\u00bb4.16&#8243; global_colors_info=\u00bb{}\u00bb open=\u00bboff\u00bb]<\/p>\n<p><img loading=\"lazy\" decoding=\"async\" class=\"wp-image-13250 alignnone size-medium\" src=\"https:\/\/valenciasjb.salesianos.edu\/colegio\/wp-content\/uploads\/sites\/2\/2020\/05\/huerto-300x169.jpg\" alt=\"\" width=\"300\" height=\"169\" \/><\/p>\n<p><span style=\"font-weight: 400;\">Es un proyecto que tiene su origen en el proyecto de Comedor Educativo. Los alumnos y educadores del comedor son responsables de la puesta en marcha y mantenimiento.<\/span><\/p>\n<p><span style=\"font-weight: 400;\">\u00a0Es un espacio en el que los alumnos\/as aprenden a:<\/span><\/p>\n<ul>\n<li><span style=\"font-weight: 400;\"> \u00a0 Conocer plantar, cuidar y recolectar las hortalizas, base de nuestra alimentaci\u00f3n.<\/span><\/li>\n<li><span style=\"font-weight: 400;\"> \u00a0 Conocer los beneficios de la agricultura ecol\u00f3gica y aplicarlos a nuestro huerto escolar.<\/span><\/li>\n<li><span style=\"font-weight: 400;\"> \u00a0 Educar en h\u00e1bitos alimenticios sostenibles y saludables.<\/span><\/li>\n<\/ul>\n<p><span style=\"font-weight: 400;\">Actualmente, adem\u00e1s de los alumnos del comedor, las asignaturas relacionadas con el \u00e1rea de CCNN, de las etapas de primaria y ESO realizan actividades en \u00e9l aprovechando su Aula Taller e infrestructura.<\/span><\/p>\n<p>[\/et_pb_accordion_item][\/et_pb_accordion][\/et_pb_column][et_pb_column type=\u00bb1_2&#8243; _builder_version=\u00bb4.16&#8243; custom_padding=\u00bb|||\u00bb global_colors_info=\u00bb{}\u00bb custom_padding__hover=\u00bb|||\u00bb][et_pb_text _builder_version=\u00bb4.16&#8243; background_size=\u00bbinitial\u00bb background_position=\u00bbtop_left\u00bb background_repeat=\u00bbrepeat\u00bb global_colors_info=\u00bb{}\u00bb]<\/p>\n<h1>Educaci\u00f3n Infantil<\/h1>\n<p>[\/et_pb_text][et_pb_text _builder_version=\u00bb4.16&#8243; global_colors_info=\u00bb{}\u00bb]<\/p>\n<p>Nuestro colegio acoge el \u00a0<strong>2\u00ba ciclo de Educaci\u00f3n Infantil<\/strong>, etapa educativa con identidad propia que atiende a ni\u00f1as y ni\u00f1os hasta los seis a\u00f1os de edad. Es una\u00a0etapa <strong>concertada<\/strong>\u00a0que consta de\u00a0<strong>12 aulas<\/strong> distribuidas en 3 cursos con\u00a04 l\u00edneas de 3, 4 y 5 a\u00f1os.<\/p>\n<p>[\/et_pb_text][et_pb_testimonial author=\u00bbSonia Pe\u00f1alba\u00bb job_title=\u00bbDirectora pedag\u00f3gica de Infantil y primaria\u00bb company_name=\u00bbdireccion.primaria.infantil@vsjb.salesianos.edu\u00bb url=\u00bbmailto:direccion.primaria.infantil@salesianos.edu\u00bb portrait_url=\u00bbhttps:\/\/valenciasjb.salesianos.edu\/colegio\/wp-content\/uploads\/sites\/2\/2024\/08\/Sonia-Penalba.jpg\u00bb _builder_version=\u00bb4.27.3&#8243; background_size=\u00bbinitial\u00bb background_position=\u00bbtop_left\u00bb background_repeat=\u00bbrepeat\u00bb custom_margin=\u00bb35px|||\u00bb global_colors_info=\u00bb{}\u00bb]<\/p>\n<p class=\"s5\"><span class=\"s3\">Hola soy Sonia Pe\u00f1alba<\/span><span class=\"s3\">, directora pedag\u00f3gica de Infantil-Primaria<\/span><span class=\"s3\"> y mi cometido en<\/span> <span class=\"s3\">el<\/span><span class=\"s3\"> colegio Salesiano San Juan Bosco, <\/span><span class=\"s3\">en <\/span><span class=\"s3\">la etapa de Educaci\u00f3n Infantil y Primaria se<\/span><span class=\"s3\"> centra en <\/span><span class=\"s4\">la formaci\u00f3n integral del alumnado.<\/span> <span class=\"s3\">Nuestra labor es que nuestro alumnado<\/span><span class=\"s3\"> adquiera<\/span><span class=\"s3\"> las <\/span><span class=\"s3\">competencias<\/span><span class=\"s3\"> y las<\/span><span class=\"s3\"> habilidades que les sirvan como base para su futuro. Promovemos una educaci\u00f3n en valores cristianos.<\/span><\/p>\n<p class=\"s5\"><span class=\"s3\">E<\/span><span class=\"s3\">sta<\/span><span class=\"s3\">s<\/span><span class=\"s3\"> dos etapas<\/span><span class=\"s3\"> escolares son clave para el desarrollo psicomotor en los primeros a\u00f1os, as\u00ed como <\/span><span class=\"s3\">para<\/span><span class=\"s3\"> el desarrollo emocional y cognitivo <\/span><span class=\"s3\">de nuestros chicos y chiscas que van creciendo hasta llegar a la etapa de Secundaria<\/span><span class=\"s3\">. Por ello, <\/span><span class=\"s3\">les <\/span><span class=\"s3\">dedicamos especial atenci\u00f3n<\/span><span class=\"s3\"> acompa\u00f1ando<\/span><span class=\"s3\"> a cada alumno y alumna a desarrollar su potencial desde su llegada al centro.<\/span><\/p>\n<p class=\"s5\"><span class=\"s3\">Nuestra meta es educar de manera integral, respetando la diversidad y el ritmo de cada ni\u00f1o. De este modo, fomentamos su protagonismo en el aprendizaje. Mediante esta metodolog\u00eda <\/span><span class=\"s3\">respetuosa, contribuimos a<\/span><span class=\"s3\"> acrecentar su autoconcepto y autoestima que le llevar\u00e1 a fortalecer su val\u00eda y seguridad en s\u00ed mismo para desenvolverse en un futuro, ya sea pr\u00f3ximo o lejano.<\/span><\/p>\n<p>[\/et_pb_testimonial][et_pb_testimonial author=\u00bbAna G\u00f3mez\u00bb job_title=\u00bbJefa de estudios de Infantil\u00bb company_name=\u00bbcoordinacion.infantil@vsjb.salesianos.edu\u00bb url=\u00bbmailto:coordinacion.infantil@salesianos.edu\u00bb portrait_url=\u00bbhttps:\/\/valenciasjb.salesianos.edu\/colegio\/wp-content\/uploads\/sites\/2\/2024\/08\/Eva-Gomez.jpg\u00bb _builder_version=\u00bb4.27.2&#8243; background_size=\u00bbinitial\u00bb background_position=\u00bbtop_left\u00bb background_repeat=\u00bbrepeat\u00bb custom_margin=\u00bb35px|||\u00bb global_colors_info=\u00bb{}\u00bb]<\/p>\n<p>Bienvenidos y bienvenidas!<br \/>Mi nombre es Ana G\u00f3mez. tengo el gusto de presentarme como la coordinadora de la etapa de infantil. Mi labor, que hago d\u00eda a d\u00eda con amor e ilusi\u00f3n, es la de cuidar de esta gran familia que formamos el personal docente, los educadores y las educadoras, las familias y nuestro alumnado.<br \/>Todas las profesionales que trabajamos en esta etapa sabemos que vivenciar nuevas experiencias es clave en el proceso madurativo de nuestros ni\u00f1os y ni\u00f1as. Es por ello que les ofrecemos entornos que les resulten estimulantes y atractivos, siguiendo una pr\u00e1ctica educativa basada en el afecto, la autonom\u00eda, la exploraci\u00f3n y el juego. Adem\u00e1s, velamos para que este desarrollo sea integral, atendiendo a la progresiva evoluci\u00f3n afectiva, a trav\u00e9s de la construcci\u00f3n de nuevos v\u00ednculos con las personas adultas y con sus iguales, facilitando que los ni\u00f1os y ni\u00f1as elaboren una imagen positiva y equilibrada de s\u00ed mismos y fomentando la autonom\u00eda personal.<br \/>Promovemos el descubrimiento de sus caracter\u00edsticas f\u00edsicas, sociales y culturales del entorno, desde la fe, el respeto y la amabilidad, as\u00ed como la adquisici\u00f3n de pautas elementales de convivencia y relaciones sociales, el lenguaje y la comunicaci\u00f3n.<br \/>Sentimos adem\u00e1s que las familias, que hab\u00e9is depositado la confianza en nosotros, nos dais vuestro apoyo y nos acompa\u00f1\u00e1is en el d\u00eda a d\u00eda siendo modelo y gu\u00eda en esta labor tan bonita de educar so\u00f1ando un mundo mejor.<\/p>\n<p>[\/et_pb_testimonial][\/et_pb_column][et_pb_column type=\u00bb1_4&#8243; _builder_version=\u00bb4.16&#8243; custom_padding=\u00bb|||\u00bb global_colors_info=\u00bb{}\u00bb custom_padding__hover=\u00bb|||\u00bb][et_pb_text module_class=\u00bbpagina-texto-light\u00bb _builder_version=\u00bb4.16&#8243; text_font=\u00bbLato Light||||\u00bb text_text_color=\u00bb#e02b20&#8243; text_font_size=\u00bb28px\u00bb custom_margin=\u00bb40px||20px|\u00bb global_colors_info=\u00bb{}\u00bb]<\/p>\n<p><strong>Echa un vistazo&#8230;<\/strong><\/p>\n<p>[\/et_pb_text][et_pb_accordion open_toggle_text_color=\u00bb#0c71c3&#8243; open_toggle_background_color=\u00bbrgba(12,113,195,0.26)\u00bb closed_toggle_background_color=\u00bbrgba(224,43,32,0.1)\u00bb icon_color=\u00bb#7cda24&#8243; icon_font_size=\u00bb28px\u00bb _builder_version=\u00bb4.27.4&#8243; toggle_text_color=\u00bb#bc9a4f\u00bb text_orientation=\u00bbleft\u00bb global_colors_info=\u00bb{}\u00bb][et_pb_accordion_item title=\u00bbHabilidades metaling\u00fc\u00edsticas. PELO\u00bb open=\u00bbon\u00bb _builder_version=\u00bb4.27.4&#8243; _module_preset=\u00bbdefault\u00bb global_colors_info=\u00bb{}\u00bb]<\/p>\n<p><img loading=\"lazy\" decoding=\"async\" class=\"wp-image-24066 aligncenter size-full\" src=\"https:\/\/valenciasjb.salesianos.edu\/colegio\/wp-content\/uploads\/sites\/2\/2025\/11\/CARTEL-PELO.png\" alt=\"\" width=\"1024\" height=\"1024\" srcset=\"https:\/\/valenciasjb.salesianos.edu\/colegio\/wp-content\/uploads\/sites\/2\/2025\/11\/CARTEL-PELO.png 1024w, https:\/\/valenciasjb.salesianos.edu\/colegio\/wp-content\/uploads\/sites\/2\/2025\/11\/CARTEL-PELO-980x980.png 980w, https:\/\/valenciasjb.salesianos.edu\/colegio\/wp-content\/uploads\/sites\/2\/2025\/11\/CARTEL-PELO-480x480.png 480w\" sizes=\"(min-width: 0px) and (max-width: 480px) 480px, (min-width: 481px) and (max-width: 980px) 980px, (min-width: 981px) 1024px, 100vw\" \/><\/p>\n<p><span style=\"font-weight: 400;\">El programa desarrolla las <\/span><b>habilidades metaling\u00fc\u00edsticas<\/b><span style=\"font-weight: 400;\"> y los precursores del lenguaje escrito. Fue respuesta ante el aumento de alumnado con dificultades en la lectoescritura. Se basa en el lenguaje oral, motor principal del pensamiento y la comunicaci\u00f3n, que son cimientos para el aprendizaje. <a href=\"https:\/\/valenciasjb.salesianos.edu\/colegio\/infantil\/pelo\/\">Enlace a la p\u00e1gina<\/a><\/span><\/p>\n<p>[\/et_pb_accordion_item][et_pb_accordion_item title=\u00bbINNOVACI\u00d3N\u00bb _builder_version=\u00bb4.27.4&#8243; _module_preset=\u00bbdefault\u00bb global_colors_info=\u00bb{}\u00bb open=\u00bboff\u00bb]<\/p>\n<p><b>Sembramos hoy habilidades que transforman el ma\u00f1ana<\/b><\/p>\n<p><span style=\"font-weight: 400;\">En el Colegio Salesianos San Juan Bosco de Valencia la innovaci\u00f3n no es una moda: es nuestra forma de acompa\u00f1ar el crecimiento de cada ni\u00f1o y ni\u00f1a. Inspirados por el legado de Don Bosco, unimos pedagog\u00eda, neuroeducaci\u00f3n y tecnolog\u00eda con un objetivo claro: ofrecer experiencias de aprendizaje aut\u00e9nticas, competenciales e inclusivas.<\/span><\/p>\n<p><b>\u00bfQu\u00e9 entendemos por innovaci\u00f3n?<\/b><\/p>\n<p><span style=\"font-weight: 400;\">Innovar es dise\u00f1ar aprendizajes con sentido, conectados con la vida real, que empoderan al alumnado como protagonista, integran distintas \u00e1reas del conocimiento (interdisciplinariedad), respetan ritmos individuales de desarrollo y aprendizaje, fomentan valores eco-sociales y compromiso con el entorno, impulsan competencias ling\u00fc\u00edsticas en un mundo multicultural, y generan evidencias de crecimiento, no s\u00f3lo notas.<\/span><\/p>\n<p><a href=\"https:\/\/valenciasjb.salesianos.edu\/colegio\/?page_id=24115&amp;preview=true\">M\u00c1S<\/a><\/p>\n<p>[\/et_pb_accordion_item][et_pb_accordion_item title=\u00bbAprendizaje sobre base motora\u00bb _builder_version=\u00bb4.16&#8243; global_colors_info=\u00bb{}\u00bb open=\u00bboff\u00bb]<\/p>\n<p><img loading=\"lazy\" decoding=\"async\" class=\"wp-image-13248 alignnone size-medium\" src=\"https:\/\/valenciasjb.salesianos.edu\/colegio\/wp-content\/uploads\/sites\/2\/2020\/05\/aprenidzaje-sobre-basa-motora-2-300x225.jpg\" alt=\"\" width=\"300\" height=\"225\" \/><\/p>\n<p><span style=\"font-weight: 400;\">El movimiento es una herramienta de aprendizaje, la neuroeducaci\u00f3n ha demostrado que a trav\u00e9s del movimiento los ni\u00f1os aprenden nuevos patrones motores y, adem\u00e1s en su sistema nervioso se crean una serie de conexiones neuronales que les permiten ser m\u00e1s eficaces en otras acciones de la vida.<\/span><\/p>\n<p><a href=\"https:\/\/drive.google.com\/open?id=1m1ZgVKhSQBGeiazF8P_P9e7WjQDzHSXR\" target=\"_blank\" rel=\"noopener noreferrer\">Video<\/a><\/p>\n<p><img loading=\"lazy\" decoding=\"async\" class=\"wp-image-13246 alignnone size-medium\" src=\"https:\/\/valenciasjb.salesianos.edu\/colegio\/wp-content\/uploads\/sites\/2\/2020\/05\/aprendizaje-sobre-base-motora-1-300x225.jpg\" alt=\"\" width=\"300\" height=\"225\" \/><\/p>\n<p><img loading=\"lazy\" decoding=\"async\" class=\"wp-image-13247 alignnone size-medium\" src=\"https:\/\/valenciasjb.salesianos.edu\/colegio\/wp-content\/uploads\/sites\/2\/2020\/05\/aprendizaje-sobre-base-motora-2-300x225.jpg\" alt=\"\" width=\"300\" height=\"225\" \/><\/p>\n<p>[\/et_pb_accordion_item][et_pb_accordion_item title=\u00bbParticipaci\u00f3n familiar\u00bb _builder_version=\u00bb4.16&#8243; global_colors_info=\u00bb{}\u00bb open=\u00bboff\u00bb]<\/p>\n<p><img loading=\"lazy\" decoding=\"async\" class=\"wp-image-13149 alignnone size-medium\" src=\"https:\/\/valenciasjb.salesianos.edu\/colegio\/wp-content\/uploads\/sites\/2\/2020\/05\/participacion-padres-1-300x225.jpg\" alt=\"\" width=\"300\" height=\"225\" \/><\/p>\n<p><span style=\"font-weight: 400;\">En nuestro colegio entendemos que en el proceso educativo de vuestros hijos es fundamental la <\/span><b>colaboraci\u00f3n escuela \u2013 familia<\/b><span style=\"font-weight: 400;\"> por ello queremos lograr una comunicaci\u00f3n constructiva y fluida basada en el di\u00e1logo y os abrimos las puertas de nuestras aulas para que particip\u00e9is con <\/span><b>animaciones lectoras<\/b><span style=\"font-weight: 400;\">, con actividades para los proyectos de aprendizaje, con juegos l\u00f3gico matem\u00e1ticos, lo que nosotros llamamos <\/span><b>ludomates<\/b><span style=\"font-weight: 400;\">&#8230;<\/span><\/p>\n<p><span style=\"font-weight: 400;\">Son actividades para fomentar la participaci\u00f3n de las familias en el proceso de ense\u00f1anza-aprendizaje del alumnado y fortalecer la comunicaci\u00f3n escuela-familia.<\/span><\/p>\n<p><a href=\"https:\/\/valenciasjb.salesianos.edu\/colegio\/la-etapa-de-educacion-infantil-se-inicia-en-la-aventura-de-las-ludomates\/\" target=\"_blank\" rel=\"noopener noreferrer\">Noticia Ludomates<\/a><\/p>\n<p><a href=\"https:\/\/www.facebook.com\/ColegioSalesianoSanJuanBoscoValencia\/posts\/2327839347239257\" target=\"_blank\" rel=\"noopener noreferrer\">Noticia Facebook<\/a><\/p>\n<p>&nbsp;<\/p>\n<p>[\/et_pb_accordion_item][et_pb_accordion_item title=\u00bbAprendizaje de lengua extranjera. M\u00e9todo AMCO\u00bb _builder_version=\u00bb4.16&#8243; global_colors_info=\u00bb{}\u00bb open=\u00bboff\u00bb]<\/p>\n<p><img loading=\"lazy\" decoding=\"async\" class=\"wp-image-13244 alignnone size-medium\" src=\"https:\/\/valenciasjb.salesianos.edu\/colegio\/wp-content\/uploads\/sites\/2\/2020\/05\/amco-1-300x225.jpg\" alt=\"\" width=\"300\" height=\"225\" \/><\/p>\n<p><span style=\"font-weight: 400;\">Empleamos el m\u00e9todo AMCO de ense\u00f1anza, completamente implantado desde los 3 hasta los 12 a\u00f1os. Se trata de una metodolog\u00eda creativa, basada en el desarrollo emocional, intelectual y social de cada alumno, que proporciona las herramientas necesarias para enfrentarse a los retos de la sociedad cambiante, multicultural y competitiva de hoy en d\u00eda, teniendo en cuenta las inteligencias m\u00faltiples, inteligencia emocional, teor\u00eda de la voz generadora (para conseguir el switching process, a trav\u00e9s del cual logramos que los alumnos eliminen el proceso de traducci\u00f3n espa\u00f1ol- ingl\u00e9s, utilizado tradicionalmente, y piensen \u00fanicamente en ingl\u00e9s), herramientas did\u00e1cticas innovadoras, habilidades del pensamiento, pensamiento cr\u00edtico, aprendizaje cooperativo, organizadores gr\u00e1ficos y uso <\/span><span style=\"font-weight: 400;\">de las tecnolog\u00edas.<\/span><\/p>\n<p><a href=\"https:\/\/valenciasjb.salesianos.edu\/colegio\/amco-una-metodologia-innovadora-para-ensenar-ingles\/\" target=\"_blank\" rel=\"noopener noreferrer\">Noticia AMCO<\/a><\/p>\n<p><img loading=\"lazy\" decoding=\"async\" class=\"wp-image-13245 alignnone size-medium\" src=\"https:\/\/valenciasjb.salesianos.edu\/colegio\/wp-content\/uploads\/sites\/2\/2020\/05\/AMCO1-300x225.jpg\" alt=\"\" width=\"300\" height=\"225\" \/><\/p>\n<p>[\/et_pb_accordion_item][et_pb_accordion_item title=\u00bbInteligencia l\u00f3gico-matem\u00e1tica. M\u00e9todo ABN\u00bb _builder_version=\u00bb4.16&#8243; global_colors_info=\u00bb{}\u00bb open=\u00bboff\u00bb]<\/p>\n<p><img loading=\"lazy\" decoding=\"async\" class=\"wp-image-13143 alignnone size-medium\" src=\"https:\/\/valenciasjb.salesianos.edu\/colegio\/wp-content\/uploads\/sites\/2\/2020\/05\/ABN-1-225x300.jpg\" alt=\"\" width=\"225\" height=\"300\" \/><\/p>\n<p><span style=\"font-weight: 400;\">Fomentamos la l\u00f3gica matem\u00e1tica y el c\u00e1lculo mental a trav\u00e9s de la utilizaci\u00f3n de materiales y objetos cotidianos como botones, pinzas de la ropa, palillos, suelos de goma numerados del 0 al 9\u2026 Lo que caracteriza a esta metodolog\u00eda de ense\u00f1anza es su car\u00e1cter abierto -es posible dar con la soluci\u00f3n correcta de diferentes maneras- y el hecho de que la base sobre la que trabaja el alumnado son los n\u00fameros, donde las unidades, las decenas, las centenas\u2026 se componen y se descomponen libremente sin aplicar una determinada regla o criterio para su resoluci\u00f3n final.<\/span><\/p>\n<p><a href=\"https:\/\/www.facebook.com\/ColegioSalesianoSanJuanBoscoValencia\/posts\/2586567651366424\" target=\"_blank\" rel=\"noopener noreferrer\">Notica ABN<\/a><\/p>\n<p><img loading=\"lazy\" decoding=\"async\" class=\"wp-image-13144 alignnone size-medium\" src=\"https:\/\/valenciasjb.salesianos.edu\/colegio\/wp-content\/uploads\/sites\/2\/2020\/05\/ABN-2-300x225.jpg\" alt=\"\" width=\"300\" height=\"225\" \/><\/p>\n<p><img loading=\"lazy\" decoding=\"async\" class=\"wp-image-13240 alignnone size-medium\" src=\"https:\/\/valenciasjb.salesianos.edu\/colegio\/wp-content\/uploads\/sites\/2\/2020\/05\/ABN-225x300.jpg\" alt=\"\" width=\"225\" height=\"300\" \/><\/p>\n<p>[\/et_pb_accordion_item][\/et_pb_accordion][et_pb_button button_text=\u00bbVIDEO FINAL ETAPA 5 A\u00d1OS\u00bb admin_label=\u00bbBot\u00f3n VIDEO 5 A\u00d1OS\u00bb _builder_version=\u00bb4.27.6&#8243; _module_preset=\u00bbdefault\u00bb hover_enabled=\u00bb0&#8243; global_colors_info=\u00bb{}\u00bb button_url=\u00bbhttps:\/\/vsjb.salesianos.edu.es:8888\/infantil\/final_etapa\/\u00bb sticky_enabled=\u00bb0&#8243; custom_button=\u00bbon\u00bb button_text_color=\u00bb#E02B20&#8243; box_shadow_style=\u00bbpreset1&#8243; button_text_size=\u00bb15px\u00bb button_bg_color=\u00bb#bffffa\u00bb button_bg_enable_color=\u00bbon\u00bb button_border_width=\u00bb3px\u00bb button_border_color=\u00bb#0C71C3&#8243; button_border_radius=\u00bb11px\u00bb button_icon=\u00bb&#x49;||divi||400&#8243;][\/et_pb_button][\/et_pb_column][\/et_pb_row][et_pb_row _builder_version=\u00bb4.16&#8243; global_colors_info=\u00bb{}\u00bb][et_pb_column type=\u00bb4_4&#8243; _builder_version=\u00bb4.16&#8243; custom_padding=\u00bb|||\u00bb global_colors_info=\u00bb{}\u00bb custom_padding__hover=\u00bb|||\u00bb][et_pb_tabs _builder_version=\u00bb4.27.0&#8243; global_colors_info=\u00bb{}\u00bb][et_pb_tab title=\u00bbObjetivos\u00bb _builder_version=\u00bb4.16&#8243; global_colors_info=\u00bb{}\u00bb]<\/p>\n<p>OBJETIVO GENERAL: \u201cLos m\u00e9todos de trabajo de ambos ciclos se basar\u00e1n en las experiencias, las actividades y el juego, as\u00ed como en el respeto por las aportaciones del alumnado, y se desarrollar\u00e1n en un ambiente de afecto y confianza que favorezca la interacci\u00f3n del ni\u00f1o con las personas adultas y con sus iguales para potenciar su autoestima e integraci\u00f3n social (\u2026)\u201d<\/p>\n<ul>\n<li><strong>Conseguir desarrollar la inteligencia, la madurez y el desarrollo neuropsicol\u00f3gico a trav\u00e9s de la libertad de movimiento y del desarrollo sensorial. Apoyar los aprendizajes sobre una base motora.<\/strong><\/li>\n<li><strong>Potenciar la creaci\u00f3n de un v\u00ednculo entre el ni\u00f1o, el educador y el colegio sin forzar etapas y respetando la necesidad b\u00e1sica de crear v\u00ednculos para que el ni\u00f1o pueda dedicarse a explorar, al juego y por lo tanto a aprender.<\/strong><\/li>\n<li><strong>Favorecer la flexibilidad horaria a trav\u00e9s del aprendizaje globalizado siguiendo los \u00e1mbitos de la ley<\/strong><\/li>\n<li><strong>Consolidar las programaciones y secuenciaci\u00f3n de aprendizajes tanto de estimulaci\u00f3n del lenguaje oral, el desarrollo arm\u00f3nico del ni\u00f1o a trav\u00e9s de la psicomotricidad y el m\u00e9todo ABN <\/strong><\/li>\n<li><strong>Potenciar el trabajo por rincones para adaptarse a los diferentes ritmos de aprendizaje y a la diversidad del aula<\/strong><\/li>\n<li><strong>Fomentar el aprendizaje de la lengua valenciana a trav\u00e9s de un enfoque comunicativo y adaptado al contexto ling\u00fc\u00edstico de nuestro alumnado que en su mayor\u00eda es castellano parlante.<\/strong><\/li>\n<li><strong>Potenciar experiencias de aprendizaje basadas en la exploraci\u00f3n del entorno y contexto que les rodean, sus centros de inter\u00e9s y el juego.<\/strong><\/li>\n<li><strong>Formaci\u00f3n para los docentes del \u00e1rea de Religi\u00f3n y redise\u00f1o curricular de esta \u00e1rea.<\/strong><\/li>\n<li><strong>Iniciar el proyecto Espai coordinado con el proyecto Somriu como espacio de interiorizaci\u00f3n y crecimiento personal.<\/strong><\/li>\n<li><strong>Regir la escolarizaci\u00f3n seg\u00fan los principios de normalizaci\u00f3n e inclusi\u00f3n asegurando la no discriminaci\u00f3n y la igualdad efectiva en el acceso y permanencia en el sistema educativo.<\/strong><\/li>\n<li><strong>Impulsar la coordinaci\u00f3n interetapas<\/strong><\/li>\n<\/ul>\n<p>[\/et_pb_tab][et_pb_tab title=\u00bbEquipo Docente\u00bb _builder_version=\u00bb4.27.0&#8243; global_colors_info=\u00bb{}\u00bb]<\/p>\n<p>3 A\u00d1OS, EDUCACI\u00d3N INFANTIL:<br \/>3 a\u00f1os (4\u00baA)\u00a0<br \/>3 a\u00f1os (4\u00baB)\u00a0<br \/>3 a\u00f1os (4\u00baC)\u00a0<br \/>3 a\u00f1os (4\u00baD)\u00a0<\/p>\n<p>4 A\u00d1OS, EDUCACI\u00d3N INFANTIL:<br \/>4 a\u00f1os (5\u00baA)\u00a0<br \/>4 a\u00f1os (5\u00baB)\u00a0<br \/>4 a\u00f1os (5\u00baC)\u00a0<br \/>4 a\u00f1os (5\u00baD)\u00a0<\/p>\n<p>5 A\u00d1OS, EDUCACI\u00d3N INFANTIL:<br \/>5 a\u00f1os (6\u00baA)\u00a0<br \/>5 a\u00f1os (6\u00baB)\u00a0<br \/>5 a\u00f1os (6\u00baC)\u00a0<br \/>5 a\u00f1os (6\u00baD)\u00a0<\/p>\n<p>Especialistas:\u00a0<br \/>Auxiliar:\u00a0<\/p>\n<p>[\/et_pb_tab][et_pb_tab title=\u00bbHorario\u00bb _builder_version=\u00bb4.16&#8243; global_colors_info=\u00bb{}\u00bb]<\/p>\n<p><strong>Septiembre y junio:\u00a0<\/strong><\/p>\n<p>\u00a0\u00a0\u00a0\u00a0\u00a0\u00a0\u00a0\u00a0\u00a0\u00a0\u00a0 9:00 Entrada.<\/p>\n<p>\u00a0\u00a0\u00a0\u00a0\u00a0\u00a0\u00a0\u00a0\u00a0\u00a0\u00a0 13:00 Salida.<\/p>\n<p>&nbsp;<\/p>\n<p><strong>Resto del curso:<\/strong>\u00a0<\/p>\n<p>Ma\u00f1anas:\u00a0<\/p>\n<p>\u00a0 \u00a0 \u00a0 \u00a0 \u00a0 \u00a0 \u00a0 \u00a0 \u00a0 \u00a0 \u00a0 \u00a0 \u00a09:00 Entrada.<\/p>\n<p>\u00a0\u00a0\u00a0\u00a0\u00a0\u00a0\u00a0\u00a0\u00a0\u00a0\u00a0\u00a0\u00a0\u00a0\u00a0\u00a0\u00a0\u00a0\u00a0\u00a0\u00a0\u00a0\u00a0 12:30 Salida.<\/p>\n<p>\u00a0\u00a0\u00a0\u00a0\u00a0\u00a0\u00a0\u00a0\u00a0\u00a0\u00a0 Tardes:\u00a0<\/p>\n<p>\u00a0\u00a0\u00a0\u00a0\u00a0\u00a0\u00a0\u00a0\u00a0\u00a0\u00a0\u00a0\u00a0\u00a0\u00a0\u00a0\u00a0\u00a0\u00a0\u00a0\u00a0\u00a0\u00a0 15:30 Entrada.<\/p>\n<p>\u00a0\u00a0\u00a0\u00a0\u00a0\u00a0\u00a0\u00a0\u00a0\u00a0\u00a0\u00a0\u00a0\u00a0\u00a0\u00a0\u00a0\u00a0\u00a0\u00a0\u00a0\u00a0\u00a0 17:00 Salida.<\/p>\n<p>[\/et_pb_tab][et_pb_tab title=\u00bbAnexos de Salud y Medicamentos\u00bb _builder_version=\u00bb4.16&#8243; global_colors_info=\u00bb{}\u00bb]<\/p>\n<p>Anexo IV <a href=\"https:\/\/valenciasjb.salesianos.edu\/colegio\/wp-content\/uploads\/sites\/2\/2020\/02\/Anexo-IV_Informe-de-salud-y-prescripci\u00f3n-m\u00e9dica.pdf\" rel=\"attachment wp-att-12107\">Informe de salud y prescripci\u00f3n m\u00e9dica<\/a><\/p>\n<p>Anexo V <a href=\"https:\/\/valenciasjb.salesianos.edu\/colegio\/wp-content\/uploads\/sites\/2\/2020\/02\/Anexo-V_Consentimiento-informado-y-solicitud.pdf\" rel=\"attachment wp-att-12108\">Consentimiento informado y solicitud<\/a><\/p>\n<p>[\/et_pb_tab][\/et_pb_tabs][\/et_pb_column][\/et_pb_row][et_pb_row admin_label=\u00bbPREGUNTAS FRECUNTES\u00bb _builder_version=\u00bb4.16&#8243; custom_margin=\u00bb0px|||\u00bb custom_padding=\u00bb0px|0px|23.96875px|0px\u00bb global_colors_info=\u00bb{}\u00bb][et_pb_column type=\u00bb4_4&#8243; _builder_version=\u00bb4.16&#8243; custom_padding=\u00bb|||\u00bb global_colors_info=\u00bb{}\u00bb custom_padding__hover=\u00bb|||\u00bb][et_pb_text _builder_version=\u00bb4.16&#8243; text_font=\u00bb||||\u00bb text_font_size=\u00bb21px\u00bb header_font=\u00bb||||\u00bb header_font_size=\u00bb44px\u00bb background_color=\u00bb#e02b20&#8243; background_layout=\u00bbdark\u00bb custom_margin=\u00bb25px|||\u00bb custom_padding=\u00bb20px||10px|\u00bb global_colors_info=\u00bb{}\u00bb]<\/p>\n<h2>\u00a0 \u00a0 PREGUNTAS FRECUENTES<\/h2>\n<p>[\/et_pb_text][et_pb_accordion _builder_version=\u00bb4.16&#8243; toggle_text_color=\u00bb#dc001b\u00bb toggle_font_size=\u00bb17px\u00bb border_width_all=\u00bb0px\u00bb border_color_all=\u00bb#e5e5e5&#8243; border_style_all=\u00bbsolid\u00bb use_border_color=\u00bbon\u00bb border_color=\u00bb#e5e5e5&#8243; border_width=\u00bb0px\u00bb global_colors_info=\u00bb{}\u00bb][et_pb_accordion_item title=\u00bb\u00bfCu\u00e1l es el horario de entradas y salidas?\u00bb open=\u00bbon\u00bb _builder_version=\u00bb4.16&#8243; text_orientation=\u00bbleft\u00bb module_alignment=\u00bbleft\u00bb global_colors_info=\u00bb{}\u00bb]Lunes a viernes, ma\u00f1anas de 9:00 a 12:30 y tardes de 15:30 a 17:00.<\/p>\n<p>Disponemos de servicio de matiners desde las 7:30. Consultar en administraci\u00f3n.<br \/>\n[\/et_pb_accordion_item][\/et_pb_accordion][\/et_pb_column][\/et_pb_row][et_pb_row column_structure=\u00bb1_3,1_3,1_3&#8243; _builder_version=\u00bb4.16&#8243; global_colors_info=\u00bb{}\u00bb][et_pb_column type=\u00bb1_3&#8243; _builder_version=\u00bb4.16&#8243; global_colors_info=\u00bb{}\u00bb][et_pb_video_slider show_thumbnails=\u00bboff\u00bb controls_color=\u00bblight\u00bb _builder_version=\u00bb4.16&#8243; global_colors_info=\u00bb{}\u00bb][et_pb_video_slider_item src=\u00bbhttps:\/\/www.youtube.com\/watch?v=M0x62AglFCY\u00bb image_src=\u00bb\/\/i.ytimg.com\/vi\/zFmhGoEGVVs\/hqdefault.jpg\u00bb _builder_version=\u00bb3.0.76&#8243; global_colors_info=\u00bb{}\u00bb show_image_overlay=\u00bboff\u00bb] [\/et_pb_video_slider_item][\/et_pb_video_slider][et_pb_code _builder_version=\u00bb4.16&#8243; global_colors_info=\u00bb{}\u00bb][\/et_pb_code][\/et_pb_column][et_pb_column type=\u00bb1_3&#8243; _builder_version=\u00bb4.16&#8243; global_colors_info=\u00bb{}\u00bb][\/et_pb_column][et_pb_column type=\u00bb1_3&#8243; _builder_version=\u00bb4.16&#8243; global_colors_info=\u00bb{}\u00bb][\/et_pb_column][\/et_pb_row][\/et_pb_section]<\/p>\n<!-- AddThis Advanced Settings generic via filter on the_content --><!-- AddThis Share Buttons generic via filter on the_content -->","protected":false},"excerpt":{"rendered":"<p>Echa un vistazo&#8230; El mayor tesoro que tenemos en este colegio son vuestros hijos, y despu\u00e9s de ellos est\u00e1 el equipo docente que los acompa\u00f1a. Se trata de un equipo docente no bueno, excelente\u2026pero no excelente por una titulitis , que tambi\u00e9n\u2026no por un curr\u00edculum lleno de cursos formativos y experiencias\u2026que tambi\u00e9n\u2026sino un equipo docente [&hellip;]<\/p>\n<p><!-- AddThis Advanced Settings generic via filter on get_the_excerpt --><!-- AddThis Share Buttons generic via filter on get_the_excerpt --><\/p>\n","protected":false},"author":2,"featured_media":0,"parent":0,"menu_order":0,"comment_status":"closed","ping_status":"closed","template":"","meta":{"_et_pb_use_builder":"on","_et_pb_old_content":"","_et_gb_content_width":"","footnotes":""},"class_list":["post-1212","page","type-page","status-publish","hentry"],"yoast_head":"<!-- This site is optimized with the Yoast SEO plugin v28.3 - https:\/\/yoast.com\/product\/yoast-seo-wordpress\/ -->\n<title>Infantil - Colegio San Juan Bosco Valencia<\/title>\n<meta name=\"robots\" content=\"index, follow, max-snippet:-1, max-image-preview:large, max-video-preview:-1\" \/>\n<link rel=\"canonical\" href=\"https:\/\/valenciasjb.salesianos.edu\/colegio\/infantil\/\" \/>\n<meta property=\"og:locale\" content=\"es_ES\" \/>\n<meta property=\"og:type\" content=\"article\" \/>\n<meta property=\"og:title\" content=\"Infantil - Colegio San Juan Bosco Valencia\" \/>\n<meta property=\"og:description\" content=\"Echa un vistazo... El mayor tesoro que tenemos en este colegio son vuestros hijos, y despu\u00e9s de ellos est\u00e1 el equipo docente que los acompa\u00f1a. Se trata de un equipo docente no bueno, excelente\u2026pero no excelente por una titulitis , que tambi\u00e9n\u2026no por un curr\u00edculum lleno de cursos formativos y experiencias\u2026que tambi\u00e9n\u2026sino un equipo docente [&hellip;]\" \/>\n<meta property=\"og:url\" content=\"https:\/\/valenciasjb.salesianos.edu\/colegio\/infantil\/\" \/>\n<meta property=\"og:site_name\" content=\"Colegio San Juan Bosco Valencia\" \/>\n<meta property=\"article:publisher\" content=\"https:\/\/www.facebook.com\/ColegioSalesianoSanJuanBoscoValencia\" \/>\n<meta property=\"article:modified_time\" content=\"2026-06-19T10:35:10+00:00\" \/>\n<meta property=\"og:image\" content=\"https:\/\/valenciasjb.salesianos.edu\/colegio\/wp-content\/uploads\/sites\/2\/2020\/05\/profesoras.jpg\" \/>\n\t<meta property=\"og:image:width\" content=\"1024\" \/>\n\t<meta property=\"og:image:height\" content=\"768\" \/>\n\t<meta property=\"og:image:type\" content=\"image\/jpeg\" \/>\n<meta name=\"twitter:card\" content=\"summary_large_image\" \/>\n<meta name=\"twitter:site\" content=\"@SalesianosVSJB\" \/>\n<meta name=\"twitter:label1\" content=\"Tiempo de lectura\" \/>\n\t<meta name=\"twitter:data1\" content=\"15 minutos\" \/>\n<script type=\"application\/ld+json\" class=\"yoast-schema-graph\">{\"@context\":\"https:\\\/\\\/schema.org\",\"@graph\":[{\"@type\":\"WebPage\",\"@id\":\"https:\\\/\\\/valenciasjb.salesianos.edu\\\/colegio\\\/infantil\\\/\",\"url\":\"https:\\\/\\\/valenciasjb.salesianos.edu\\\/colegio\\\/infantil\\\/\",\"name\":\"Infantil - Colegio San Juan Bosco Valencia\",\"isPartOf\":{\"@id\":\"https:\\\/\\\/valenciasjb.salesianos.edu\\\/colegio\\\/#website\"},\"primaryImageOfPage\":{\"@id\":\"https:\\\/\\\/valenciasjb.salesianos.edu\\\/colegio\\\/infantil\\\/#primaryimage\"},\"image\":{\"@id\":\"https:\\\/\\\/valenciasjb.salesianos.edu\\\/colegio\\\/infantil\\\/#primaryimage\"},\"thumbnailUrl\":\"https:\\\/\\\/valenciasjb.salesianos.edu\\\/colegio\\\/wp-content\\\/uploads\\\/sites\\\/2\\\/2020\\\/05\\\/profesoras-300x225.jpg\",\"datePublished\":\"2017-03-29T07:53:55+00:00\",\"dateModified\":\"2026-06-19T10:35:10+00:00\",\"breadcrumb\":{\"@id\":\"https:\\\/\\\/valenciasjb.salesianos.edu\\\/colegio\\\/infantil\\\/#breadcrumb\"},\"inLanguage\":\"es\",\"potentialAction\":[{\"@type\":\"ReadAction\",\"target\":[\"https:\\\/\\\/valenciasjb.salesianos.edu\\\/colegio\\\/infantil\\\/\"]}]},{\"@type\":\"ImageObject\",\"inLanguage\":\"es\",\"@id\":\"https:\\\/\\\/valenciasjb.salesianos.edu\\\/colegio\\\/infantil\\\/#primaryimage\",\"url\":\"https:\\\/\\\/valenciasjb.salesianos.edu\\\/colegio\\\/wp-content\\\/uploads\\\/sites\\\/2\\\/2020\\\/05\\\/profesoras.jpg\",\"contentUrl\":\"https:\\\/\\\/valenciasjb.salesianos.edu\\\/colegio\\\/wp-content\\\/uploads\\\/sites\\\/2\\\/2020\\\/05\\\/profesoras.jpg\",\"width\":1024,\"height\":768},{\"@type\":\"BreadcrumbList\",\"@id\":\"https:\\\/\\\/valenciasjb.salesianos.edu\\\/colegio\\\/infantil\\\/#breadcrumb\",\"itemListElement\":[{\"@type\":\"ListItem\",\"position\":1,\"name\":\"Portada\",\"item\":\"https:\\\/\\\/valenciasjb.salesianos.edu\\\/colegio\\\/\"},{\"@type\":\"ListItem\",\"position\":2,\"name\":\"Infantil\"}]},{\"@type\":\"WebSite\",\"@id\":\"https:\\\/\\\/valenciasjb.salesianos.edu\\\/colegio\\\/#website\",\"url\":\"https:\\\/\\\/valenciasjb.salesianos.edu\\\/colegio\\\/\",\"name\":\"Colegio San Juan Bosco Valencia\",\"description\":\"P\u00e1gina oficial del Colegio Salesianos San Juan Bosco Valencia\",\"alternateName\":\"Salesianos.VSJB\",\"potentialAction\":[{\"@type\":\"SearchAction\",\"target\":{\"@type\":\"EntryPoint\",\"urlTemplate\":\"https:\\\/\\\/valenciasjb.salesianos.edu\\\/colegio\\\/?s={search_term_string}\"},\"query-input\":{\"@type\":\"PropertyValueSpecification\",\"valueRequired\":true,\"valueName\":\"search_term_string\"}}],\"inLanguage\":\"es\"}]}<\/script>\n<!-- \/ Yoast SEO plugin. -->","yoast_head_json":{"title":"Infantil - Colegio San Juan Bosco Valencia","robots":{"index":"index","follow":"follow","max-snippet":"max-snippet:-1","max-image-preview":"max-image-preview:large","max-video-preview":"max-video-preview:-1"},"canonical":"https:\/\/valenciasjb.salesianos.edu\/colegio\/infantil\/","og_locale":"es_ES","og_type":"article","og_title":"Infantil - Colegio San Juan Bosco Valencia","og_description":"Echa un vistazo... El mayor tesoro que tenemos en este colegio son vuestros hijos, y despu\u00e9s de ellos est\u00e1 el equipo docente que los acompa\u00f1a. Se trata de un equipo docente no bueno, excelente\u2026pero no excelente por una titulitis , que tambi\u00e9n\u2026no por un curr\u00edculum lleno de cursos formativos y experiencias\u2026que tambi\u00e9n\u2026sino un equipo docente [&hellip;]","og_url":"https:\/\/valenciasjb.salesianos.edu\/colegio\/infantil\/","og_site_name":"Colegio San Juan Bosco Valencia","article_publisher":"https:\/\/www.facebook.com\/ColegioSalesianoSanJuanBoscoValencia","article_modified_time":"2026-06-19T10:35:10+00:00","og_image":[{"width":1024,"height":768,"url":"https:\/\/valenciasjb.salesianos.edu\/colegio\/wp-content\/uploads\/sites\/2\/2020\/05\/profesoras.jpg","type":"image\/jpeg"}],"twitter_card":"summary_large_image","twitter_site":"@SalesianosVSJB","twitter_misc":{"Tiempo de lectura":"15 minutos"},"schema":{"@context":"https:\/\/schema.org","@graph":[{"@type":"WebPage","@id":"https:\/\/valenciasjb.salesianos.edu\/colegio\/infantil\/","url":"https:\/\/valenciasjb.salesianos.edu\/colegio\/infantil\/","name":"Infantil - Colegio San Juan Bosco Valencia","isPartOf":{"@id":"https:\/\/valenciasjb.salesianos.edu\/colegio\/#website"},"primaryImageOfPage":{"@id":"https:\/\/valenciasjb.salesianos.edu\/colegio\/infantil\/#primaryimage"},"image":{"@id":"https:\/\/valenciasjb.salesianos.edu\/colegio\/infantil\/#primaryimage"},"thumbnailUrl":"https:\/\/valenciasjb.salesianos.edu\/colegio\/wp-content\/uploads\/sites\/2\/2020\/05\/profesoras-300x225.jpg","datePublished":"2017-03-29T07:53:55+00:00","dateModified":"2026-06-19T10:35:10+00:00","breadcrumb":{"@id":"https:\/\/valenciasjb.salesianos.edu\/colegio\/infantil\/#breadcrumb"},"inLanguage":"es","potentialAction":[{"@type":"ReadAction","target":["https:\/\/valenciasjb.salesianos.edu\/colegio\/infantil\/"]}]},{"@type":"ImageObject","inLanguage":"es","@id":"https:\/\/valenciasjb.salesianos.edu\/colegio\/infantil\/#primaryimage","url":"https:\/\/valenciasjb.salesianos.edu\/colegio\/wp-content\/uploads\/sites\/2\/2020\/05\/profesoras.jpg","contentUrl":"https:\/\/valenciasjb.salesianos.edu\/colegio\/wp-content\/uploads\/sites\/2\/2020\/05\/profesoras.jpg","width":1024,"height":768},{"@type":"BreadcrumbList","@id":"https:\/\/valenciasjb.salesianos.edu\/colegio\/infantil\/#breadcrumb","itemListElement":[{"@type":"ListItem","position":1,"name":"Portada","item":"https:\/\/valenciasjb.salesianos.edu\/colegio\/"},{"@type":"ListItem","position":2,"name":"Infantil"}]},{"@type":"WebSite","@id":"https:\/\/valenciasjb.salesianos.edu\/colegio\/#website","url":"https:\/\/valenciasjb.salesianos.edu\/colegio\/","name":"Colegio San Juan Bosco Valencia","description":"P\u00e1gina oficial del Colegio Salesianos San Juan Bosco Valencia","alternateName":"Salesianos.VSJB","potentialAction":[{"@type":"SearchAction","target":{"@type":"EntryPoint","urlTemplate":"https:\/\/valenciasjb.salesianos.edu\/colegio\/?s={search_term_string}"},"query-input":{"@type":"PropertyValueSpecification","valueRequired":true,"valueName":"search_term_string"}}],"inLanguage":"es"}]}},"_links":{"self":[{"href":"https:\/\/valenciasjb.salesianos.edu\/colegio\/wp-json\/wp\/v2\/pages\/1212","targetHints":{"allow":["GET"]}}],"collection":[{"href":"https:\/\/valenciasjb.salesianos.edu\/colegio\/wp-json\/wp\/v2\/pages"}],"about":[{"href":"https:\/\/valenciasjb.salesianos.edu\/colegio\/wp-json\/wp\/v2\/types\/page"}],"author":[{"embeddable":true,"href":"https:\/\/valenciasjb.salesianos.edu\/colegio\/wp-json\/wp\/v2\/users\/2"}],"replies":[{"embeddable":true,"href":"https:\/\/valenciasjb.salesianos.edu\/colegio\/wp-json\/wp\/v2\/comments?post=1212"}],"version-history":[{"count":167,"href":"https:\/\/valenciasjb.salesianos.edu\/colegio\/wp-json\/wp\/v2\/pages\/1212\/revisions"}],"predecessor-version":[{"id":25186,"href":"https:\/\/valenciasjb.salesianos.edu\/colegio\/wp-json\/wp\/v2\/pages\/1212\/revisions\/25186"}],"wp:attachment":[{"href":"https:\/\/valenciasjb.salesianos.edu\/colegio\/wp-json\/wp\/v2\/media?parent=1212"}],"curies":[{"name":"wp","href":"https:\/\/api.w.org\/{rel}","templated":true}]}}