{"id":25156,"date":"2026-06-19T09:17:47","date_gmt":"2026-06-19T08:17:47","guid":{"rendered":"https:\/\/valenciasjb.salesianos.edu\/colegio\/?page_id=25156"},"modified":"2026-06-25T12:53:30","modified_gmt":"2026-06-25T11:53:30","slug":"conv_2025","status":"publish","type":"page","link":"https:\/\/valenciasjb.salesianos.edu\/colegio\/projectes\/piie\/conv_2025\/","title":{"rendered":"conv_2025"},"content":{"rendered":"<div id=\"fb-root\"><\/div>\n<p>[et_pb_section fb_built=\u00bb1&#8243; fullwidth=\u00bbon\u00bb _builder_version=\u00bb4.16&#8243; background_color=\u00bbrgba(224,11,0,0.75)\u00bb global_colors_info=\u00bb{}\u00bb][et_pb_fullwidth_header title=\u00bbTEIXINT HIST\u00d2RIES\u00bb subhead=\u00bbPIIE 2025\/2027&#8243; title_font_color=\u00bb#ffffff\u00bb module_class=\u00bbpagina-imagen-cabecera\u00bb _builder_version=\u00bb4.27.6&#8243; title_text_color=\u00bb#ffffff\u00bb title_font_size=\u00bb40px\u00bb subhead_font=\u00bbABeeZee|700|||||||\u00bb subhead_text_color=\u00bb#FFFFFF\u00bb subhead_font_size=\u00bb34px\u00bb background_color=\u00bbrgba(255, 255, 255, 0)\u00bb use_background_color_gradient=\u00bbon\u00bb background_enable_image=\u00bboff\u00bb background_blend=\u00bbmultiply\u00bb background_layout=\u00bblight\u00bb max_width_tablet=\u00bb50px\u00bb background_url=\u00bbhttps:\/\/alicante.salesianos.edu\/colegio\/wp-content\/uploads\/sites\/2\/2017\/03\/Captura-de-pantalla-2017-04-12-a-las-22.32.46.png\u00bb global_colors_info=\u00bb{}\u00bb button_one_text_size__hover_enabled=\u00bboff\u00bb button_two_text_size__hover_enabled=\u00bboff\u00bb button_one_text_color__hover_enabled=\u00bboff\u00bb button_two_text_color__hover_enabled=\u00bboff\u00bb button_one_border_width__hover_enabled=\u00bboff\u00bb button_two_border_width__hover_enabled=\u00bboff\u00bb button_one_border_color__hover_enabled=\u00bboff\u00bb button_two_border_color__hover_enabled=\u00bboff\u00bb button_one_border_radius__hover_enabled=\u00bboff\u00bb button_two_border_radius__hover_enabled=\u00bboff\u00bb button_one_letter_spacing__hover_enabled=\u00bboff\u00bb button_two_letter_spacing__hover_enabled=\u00bboff\u00bb button_one_bg_color__hover_enabled=\u00bboff\u00bb button_two_bg_color__hover_enabled=\u00bboff\u00bb][\/et_pb_fullwidth_header][\/et_pb_section][et_pb_section fb_built=\u00bb1&#8243; module_class=\u00bbpagina-seccion-contenido\u00bb _builder_version=\u00bb4.16&#8243; custom_padding=\u00bb0%|0px|50px|\u00bb global_colors_info=\u00bb{}\u00bb][et_pb_row column_structure=\u00bb3_5,1_5,1_5&#8243; module_class=\u00bbpagina-texto\u00bb _builder_version=\u00bb4.16&#8243; background_size=\u00bbinitial\u00bb background_position=\u00bbtop_left\u00bb background_repeat=\u00bbrepeat\u00bb custom_margin=\u00bb25px|||\u00bb custom_padding=\u00bb25px|0px|0px|0px\u00bb global_colors_info=\u00bb{}\u00bb][et_pb_column type=\u00bb3_5&#8243; _builder_version=\u00bb4.16&#8243; custom_padding=\u00bb|||\u00bb global_colors_info=\u00bb{}\u00bb custom_padding__hover=\u00bb|||\u00bb][et_pb_text _builder_version=\u00bb4.27.6&#8243; module_alignment=\u00bbcenter\u00bb custom_margin=\u00bb15px|||\u00bb global_colors_info=\u00bb{}\u00bb]<\/p>\n<h1>Teixint Hist\u00f2ries:<span style=\"font-weight: 400;\">\u00a0l\u00ednia educativa de servei i lectura cr\u00edtica<\/span><\/h1>\n<p>[\/et_pb_text][et_pb_text _builder_version=\u00bb4.27.6&#8243; background_size=\u00bbinitial\u00bb background_position=\u00bbtop_left\u00bb background_repeat=\u00bbrepeat\u00bb global_colors_info=\u00bb{}\u00bb]<\/p>\n<p>2025\/2027<\/p>\n<p><span style=\"font-weight: 400;\">Colegio Salesiano San Juan Bosco<\/span><\/p>\n<p><span style=\"font-weight: 400;\">Codigo centro: 46013116<\/span><\/p>\n<p><img loading=\"lazy\" decoding=\"async\" class=\"wp-image-25192 size-full aligncenter\" src=\"https:\/\/valenciasjb.salesianos.edu\/colegio\/wp-content\/uploads\/sites\/2\/2026\/06\/Logo-Teixint-histories.png\" alt=\"\" width=\"315\" height=\"330\" srcset=\"https:\/\/valenciasjb.salesianos.edu\/colegio\/wp-content\/uploads\/sites\/2\/2026\/06\/Logo-Teixint-histories.png 315w, https:\/\/valenciasjb.salesianos.edu\/colegio\/wp-content\/uploads\/sites\/2\/2026\/06\/Logo-Teixint-histories-286x300.png 286w\" sizes=\"(max-width: 315px) 100vw, 315px\" \/><\/p>\n<ul>\n<li style=\"font-weight: 400;\" aria-level=\"1\"><b>\u00abTeixint Hist\u00f2ries\u00bb<\/b><span style=\"font-weight: 400;\"> (Tejiendo Historias): Met\u00e1fora de construir conocimiento, comunidad y vida.<\/span><\/li>\n<li style=\"font-weight: 400;\" aria-level=\"1\"><b>\u00abL\u00ednia Salesiana\u00bb<\/b><span style=\"font-weight: 400;\">: Conexi\u00f3n directa con la identidad del centro.<\/span><\/li>\n<li style=\"font-weight: 400;\" aria-level=\"1\"><b>\u00abServei i Lectura Cr\u00edtica\u00bb<\/b><span style=\"font-weight: 400;\">: Destaca el ApS\/Inclusi\u00f3n y el objetivo pedag\u00f3gico de alto nivel.<\/span><\/li>\n<\/ul>\n<p><span style=\"font-weight: 400;\">Es un proyecto <\/span><b>pedag\u00f3gico integral y multiling\u00fce<\/b><span style=\"font-weight: 400;\"> dise\u00f1ado para cimentar el <\/span><b>h\u00e1bito lector y la comprensi\u00f3n cr\u00edtica<\/b><span style=\"font-weight: 400;\"> desde Infantil hasta Bachillerato. Se apoya en la <\/span><b>inclusi\u00f3n activa<\/b><span style=\"font-weight: 400;\"> y la <\/span><b>innovaci\u00f3n educativa<\/b><span style=\"font-weight: 400;\">, y en la evidencia de que la <\/span><b>frecuencia lectora<\/b><span style=\"font-weight: 400;\"> es clave para la educaci\u00f3n. Desde una perspectiva <\/span><b>inclusiva, <\/b><span style=\"font-weight: 400;\">se pretende hacer de la lectura una experiencia positiva, cooperativa y transversal, por la que se desarrollen el <\/span><b>pensamiento cr\u00edtico<\/b><span style=\"font-weight: 400;\"> y la <\/span><b>competencia comunicativa<\/b><span style=\"font-weight: 400;\"> en castellano, valenciano e ingl\u00e9s.<\/span><\/p>\n<p><span style=\"font-weight: 400;\">La justificaci\u00f3n de este Plan de Fomento Lector <\/span><b>\u00abTeixint Hist\u00f2ries\u00bb<\/b><span style=\"font-weight: 400;\"> es esencial, ya que aborda directamente los <\/span><b>desaf\u00edos pedag\u00f3gicos y sociales<\/b><span style=\"font-weight: 400;\"> de vuestro contexto: la gran diversidad, la atenci\u00f3n a las NEAE, la desconexi\u00f3n digital y la necesidad de formar <\/span><b>pensadores cr\u00edticos<\/b><span style=\"font-weight: 400;\">.<\/span><\/p>\n<p><span style=\"font-weight: 400;\">A continuaci\u00f3n, se presenta la justificaci\u00f3n de la necesidad del Plan, estructurada en los pilares que hemos identificado, y con un fuerte anclaje en la <\/span><b>identidad salesiana<\/b><span style=\"font-weight: 400;\">.<\/span><\/p>\n<p><a href=\"https:\/\/valenciasjb.salesianos.edu\/colegio\/wp-content\/uploads\/sites\/2\/2026\/06\/REDACCION-PROYECTO-PIIE-TEIXINT-HISTORIES.pdf\" rel=\"attachment wp-att-25193\">PROYECTO PIIE TEIXINT HISTO\u0300RIES<\/a><\/p>\n<p>&nbsp;<\/p>\n<p>[\/et_pb_text][\/et_pb_column][et_pb_column type=\u00bb1_5&#8243; _builder_version=\u00bb4.27.6&#8243; _module_preset=\u00bbdefault\u00bb global_colors_info=\u00bb{}\u00bb][et_pb_image src=\u00bbhttps:\/\/valenciasjb.salesianos.edu\/colegio\/wp-content\/uploads\/sites\/2\/2026\/06\/logo_PIIE_Color-scaled.png\u00bb title_text=\u00bblogo_PIIE_Color\u00bb admin_label=\u00bbImagen PIIE\u00bb _builder_version=\u00bb4.27.6&#8243; _module_preset=\u00bbdefault\u00bb global_colors_info=\u00bb{}\u00bb][\/et_pb_image][et_pb_image _builder_version=\u00bb4.27.6&#8243; _module_preset=\u00bbdefault\u00bb title_text=\u00bbLogo Teixint histo\u0300ries\u00bb src=\u00bbhttps:\/\/valenciasjb.salesianos.edu\/colegio\/wp-content\/uploads\/sites\/2\/2026\/06\/Logo-Teixint-histories.png\u00bb hover_enabled=\u00bb0&#8243; sticky_enabled=\u00bb0&#8243;][\/et_pb_image][\/et_pb_column][et_pb_column type=\u00bb1_5&#8243; _builder_version=\u00bb4.27.6&#8243; _module_preset=\u00bbdefault\u00bb global_colors_info=\u00bb{}\u00bb][et_pb_image src=\u00bbhttps:\/\/valenciasjb.salesianos.edu\/colegio\/wp-content\/uploads\/sites\/2\/2026\/06\/CECUO_1280x720.png\u00bb title_text=\u00bbCECUO_1280x720&#8243; _builder_version=\u00bb4.27.6&#8243; _module_preset=\u00bbdefault\u00bb global_colors_info=\u00bb{}\u00bb][\/et_pb_image][\/et_pb_column][\/et_pb_row][\/et_pb_section]<\/p>\n<!-- AddThis Advanced Settings generic via filter on the_content --><!-- AddThis Share Buttons generic via filter on the_content -->","protected":false},"excerpt":{"rendered":"<p>Teixint Hist\u00f2ries:\u00a0l\u00ednia educativa de servei i lectura cr\u00edtica2025\/2027 Colegio Salesiano San Juan Bosco Codigo centro: 46013116 \u00abTeixint Hist\u00f2ries\u00bb (Tejiendo Historias): Met\u00e1fora de construir conocimiento, comunidad y vida. \u00abL\u00ednia Salesiana\u00bb: Conexi\u00f3n directa con la identidad del centro. \u00abServei i Lectura Cr\u00edtica\u00bb: Destaca el ApS\/Inclusi\u00f3n y el objetivo pedag\u00f3gico de alto nivel. Es un proyecto pedag\u00f3gico integral [&hellip;]<\/p>\n<p><!-- AddThis Advanced Settings generic via filter on get_the_excerpt --><!-- AddThis Share Buttons generic via filter on get_the_excerpt --><\/p>\n","protected":false},"author":2,"featured_media":0,"parent":25151,"menu_order":0,"comment_status":"closed","ping_status":"closed","template":"","meta":{"_et_pb_use_builder":"on","_et_pb_old_content":"","_et_gb_content_width":"","footnotes":""},"class_list":["post-25156","page","type-page","status-publish","hentry"],"yoast_head":"<!-- This site is optimized with the Yoast SEO plugin v28.3 - https:\/\/yoast.com\/product\/yoast-seo-wordpress\/ -->\n<title>conv_2025 - Colegio San Juan Bosco Valencia<\/title>\n<meta name=\"robots\" content=\"index, follow, max-snippet:-1, max-image-preview:large, max-video-preview:-1\" \/>\n<link rel=\"canonical\" href=\"https:\/\/valenciasjb.salesianos.edu\/colegio\/projectes\/piie\/conv_2025\/\" \/>\n<meta property=\"og:locale\" content=\"es_ES\" \/>\n<meta property=\"og:type\" content=\"article\" \/>\n<meta property=\"og:title\" content=\"conv_2025 - Colegio San Juan Bosco Valencia\" \/>\n<meta property=\"og:description\" content=\"Teixint Hist\u00f2ries:\u00a0l\u00ednia educativa de servei i lectura cr\u00edtica2025\/2027 Colegio Salesiano San Juan Bosco Codigo centro: 46013116 &quot;Teixint Hist\u00f2ries&quot; (Tejiendo Historias): Met\u00e1fora de construir conocimiento, comunidad y vida. &quot;L\u00ednia Salesiana&quot;: Conexi\u00f3n directa con la identidad del centro. &quot;Servei i Lectura Cr\u00edtica&quot;: Destaca el ApS\/Inclusi\u00f3n y el objetivo pedag\u00f3gico de alto nivel. Es un proyecto pedag\u00f3gico integral [&hellip;]\" \/>\n<meta property=\"og:url\" content=\"https:\/\/valenciasjb.salesianos.edu\/colegio\/projectes\/piie\/conv_2025\/\" \/>\n<meta property=\"og:site_name\" content=\"Colegio San Juan Bosco Valencia\" \/>\n<meta property=\"article:publisher\" content=\"https:\/\/www.facebook.com\/ColegioSalesianoSanJuanBoscoValencia\" \/>\n<meta property=\"article:modified_time\" content=\"2026-06-25T11:53:30+00:00\" \/>\n<meta property=\"og:image\" content=\"https:\/\/valenciasjb.salesianos.edu\/colegio\/wp-content\/uploads\/sites\/2\/2026\/06\/Logo-Teixint-histories.png\" \/>\n\t<meta property=\"og:image:width\" content=\"315\" \/>\n\t<meta property=\"og:image:height\" content=\"330\" \/>\n\t<meta property=\"og:image:type\" content=\"image\/png\" \/>\n<meta name=\"twitter:card\" content=\"summary_large_image\" \/>\n<meta name=\"twitter:site\" content=\"@SalesianosVSJB\" \/>\n<meta name=\"twitter:label1\" content=\"Tiempo de lectura\" \/>\n\t<meta name=\"twitter:data1\" content=\"2 minutos\" \/>\n<script type=\"application\/ld+json\" class=\"yoast-schema-graph\">{\"@context\":\"https:\\\/\\\/schema.org\",\"@graph\":[{\"@type\":\"WebPage\",\"@id\":\"https:\\\/\\\/valenciasjb.salesianos.edu\\\/colegio\\\/projectes\\\/piie\\\/conv_2025\\\/\",\"url\":\"https:\\\/\\\/valenciasjb.salesianos.edu\\\/colegio\\\/projectes\\\/piie\\\/conv_2025\\\/\",\"name\":\"conv_2025 - Colegio San Juan Bosco Valencia\",\"isPartOf\":{\"@id\":\"https:\\\/\\\/valenciasjb.salesianos.edu\\\/colegio\\\/#website\"},\"primaryImageOfPage\":{\"@id\":\"https:\\\/\\\/valenciasjb.salesianos.edu\\\/colegio\\\/projectes\\\/piie\\\/conv_2025\\\/#primaryimage\"},\"image\":{\"@id\":\"https:\\\/\\\/valenciasjb.salesianos.edu\\\/colegio\\\/projectes\\\/piie\\\/conv_2025\\\/#primaryimage\"},\"thumbnailUrl\":\"https:\\\/\\\/valenciasjb.salesianos.edu\\\/colegio\\\/wp-content\\\/uploads\\\/sites\\\/2\\\/2026\\\/06\\\/Logo-Teixint-histories.png\",\"datePublished\":\"2026-06-19T08:17:47+00:00\",\"dateModified\":\"2026-06-25T11:53:30+00:00\",\"breadcrumb\":{\"@id\":\"https:\\\/\\\/valenciasjb.salesianos.edu\\\/colegio\\\/projectes\\\/piie\\\/conv_2025\\\/#breadcrumb\"},\"inLanguage\":\"es\",\"potentialAction\":[{\"@type\":\"ReadAction\",\"target\":[\"https:\\\/\\\/valenciasjb.salesianos.edu\\\/colegio\\\/projectes\\\/piie\\\/conv_2025\\\/\"]}]},{\"@type\":\"ImageObject\",\"inLanguage\":\"es\",\"@id\":\"https:\\\/\\\/valenciasjb.salesianos.edu\\\/colegio\\\/projectes\\\/piie\\\/conv_2025\\\/#primaryimage\",\"url\":\"https:\\\/\\\/valenciasjb.salesianos.edu\\\/colegio\\\/wp-content\\\/uploads\\\/sites\\\/2\\\/2026\\\/06\\\/Logo-Teixint-histories.png\",\"contentUrl\":\"https:\\\/\\\/valenciasjb.salesianos.edu\\\/colegio\\\/wp-content\\\/uploads\\\/sites\\\/2\\\/2026\\\/06\\\/Logo-Teixint-histories.png\",\"width\":315,\"height\":330},{\"@type\":\"BreadcrumbList\",\"@id\":\"https:\\\/\\\/valenciasjb.salesianos.edu\\\/colegio\\\/projectes\\\/piie\\\/conv_2025\\\/#breadcrumb\",\"itemListElement\":[{\"@type\":\"ListItem\",\"position\":1,\"name\":\"Portada\",\"item\":\"https:\\\/\\\/valenciasjb.salesianos.edu\\\/colegio\\\/\"},{\"@type\":\"ListItem\",\"position\":2,\"name\":\"Innovacion\",\"item\":\"https:\\\/\\\/valenciasjb.salesianos.edu\\\/colegio\\\/projectes\\\/\"},{\"@type\":\"ListItem\",\"position\":3,\"name\":\"piie\",\"item\":\"https:\\\/\\\/valenciasjb.salesianos.edu\\\/colegio\\\/projectes\\\/piie\\\/\"},{\"@type\":\"ListItem\",\"position\":4,\"name\":\"conv_2025\"}]},{\"@type\":\"WebSite\",\"@id\":\"https:\\\/\\\/valenciasjb.salesianos.edu\\\/colegio\\\/#website\",\"url\":\"https:\\\/\\\/valenciasjb.salesianos.edu\\\/colegio\\\/\",\"name\":\"Colegio San Juan Bosco Valencia\",\"description\":\"P\u00e1gina oficial del Colegio Salesianos San Juan Bosco Valencia\",\"alternateName\":\"Salesianos.VSJB\",\"potentialAction\":[{\"@type\":\"SearchAction\",\"target\":{\"@type\":\"EntryPoint\",\"urlTemplate\":\"https:\\\/\\\/valenciasjb.salesianos.edu\\\/colegio\\\/?s={search_term_string}\"},\"query-input\":{\"@type\":\"PropertyValueSpecification\",\"valueRequired\":true,\"valueName\":\"search_term_string\"}}],\"inLanguage\":\"es\"}]}<\/script>\n<!-- \/ Yoast SEO plugin. -->","yoast_head_json":{"title":"conv_2025 - Colegio San Juan Bosco Valencia","robots":{"index":"index","follow":"follow","max-snippet":"max-snippet:-1","max-image-preview":"max-image-preview:large","max-video-preview":"max-video-preview:-1"},"canonical":"https:\/\/valenciasjb.salesianos.edu\/colegio\/projectes\/piie\/conv_2025\/","og_locale":"es_ES","og_type":"article","og_title":"conv_2025 - Colegio San Juan Bosco Valencia","og_description":"Teixint Hist\u00f2ries:\u00a0l\u00ednia educativa de servei i lectura cr\u00edtica2025\/2027 Colegio Salesiano San Juan Bosco Codigo centro: 46013116 \"Teixint Hist\u00f2ries\" (Tejiendo Historias): Met\u00e1fora de construir conocimiento, comunidad y vida. \"L\u00ednia Salesiana\": Conexi\u00f3n directa con la identidad del centro. \"Servei i Lectura Cr\u00edtica\": Destaca el ApS\/Inclusi\u00f3n y el objetivo pedag\u00f3gico de alto nivel. Es un proyecto pedag\u00f3gico integral [&hellip;]","og_url":"https:\/\/valenciasjb.salesianos.edu\/colegio\/projectes\/piie\/conv_2025\/","og_site_name":"Colegio San Juan Bosco Valencia","article_publisher":"https:\/\/www.facebook.com\/ColegioSalesianoSanJuanBoscoValencia","article_modified_time":"2026-06-25T11:53:30+00:00","og_image":[{"width":315,"height":330,"url":"https:\/\/valenciasjb.salesianos.edu\/colegio\/wp-content\/uploads\/sites\/2\/2026\/06\/Logo-Teixint-histories.png","type":"image\/png"}],"twitter_card":"summary_large_image","twitter_site":"@SalesianosVSJB","twitter_misc":{"Tiempo de lectura":"2 minutos"},"schema":{"@context":"https:\/\/schema.org","@graph":[{"@type":"WebPage","@id":"https:\/\/valenciasjb.salesianos.edu\/colegio\/projectes\/piie\/conv_2025\/","url":"https:\/\/valenciasjb.salesianos.edu\/colegio\/projectes\/piie\/conv_2025\/","name":"conv_2025 - Colegio San Juan Bosco Valencia","isPartOf":{"@id":"https:\/\/valenciasjb.salesianos.edu\/colegio\/#website"},"primaryImageOfPage":{"@id":"https:\/\/valenciasjb.salesianos.edu\/colegio\/projectes\/piie\/conv_2025\/#primaryimage"},"image":{"@id":"https:\/\/valenciasjb.salesianos.edu\/colegio\/projectes\/piie\/conv_2025\/#primaryimage"},"thumbnailUrl":"https:\/\/valenciasjb.salesianos.edu\/colegio\/wp-content\/uploads\/sites\/2\/2026\/06\/Logo-Teixint-histories.png","datePublished":"2026-06-19T08:17:47+00:00","dateModified":"2026-06-25T11:53:30+00:00","breadcrumb":{"@id":"https:\/\/valenciasjb.salesianos.edu\/colegio\/projectes\/piie\/conv_2025\/#breadcrumb"},"inLanguage":"es","potentialAction":[{"@type":"ReadAction","target":["https:\/\/valenciasjb.salesianos.edu\/colegio\/projectes\/piie\/conv_2025\/"]}]},{"@type":"ImageObject","inLanguage":"es","@id":"https:\/\/valenciasjb.salesianos.edu\/colegio\/projectes\/piie\/conv_2025\/#primaryimage","url":"https:\/\/valenciasjb.salesianos.edu\/colegio\/wp-content\/uploads\/sites\/2\/2026\/06\/Logo-Teixint-histories.png","contentUrl":"https:\/\/valenciasjb.salesianos.edu\/colegio\/wp-content\/uploads\/sites\/2\/2026\/06\/Logo-Teixint-histories.png","width":315,"height":330},{"@type":"BreadcrumbList","@id":"https:\/\/valenciasjb.salesianos.edu\/colegio\/projectes\/piie\/conv_2025\/#breadcrumb","itemListElement":[{"@type":"ListItem","position":1,"name":"Portada","item":"https:\/\/valenciasjb.salesianos.edu\/colegio\/"},{"@type":"ListItem","position":2,"name":"Innovacion","item":"https:\/\/valenciasjb.salesianos.edu\/colegio\/projectes\/"},{"@type":"ListItem","position":3,"name":"piie","item":"https:\/\/valenciasjb.salesianos.edu\/colegio\/projectes\/piie\/"},{"@type":"ListItem","position":4,"name":"conv_2025"}]},{"@type":"WebSite","@id":"https:\/\/valenciasjb.salesianos.edu\/colegio\/#website","url":"https:\/\/valenciasjb.salesianos.edu\/colegio\/","name":"Colegio San Juan Bosco Valencia","description":"P\u00e1gina oficial del Colegio Salesianos San Juan Bosco Valencia","alternateName":"Salesianos.VSJB","potentialAction":[{"@type":"SearchAction","target":{"@type":"EntryPoint","urlTemplate":"https:\/\/valenciasjb.salesianos.edu\/colegio\/?s={search_term_string}"},"query-input":{"@type":"PropertyValueSpecification","valueRequired":true,"valueName":"search_term_string"}}],"inLanguage":"es"}]}},"_links":{"self":[{"href":"https:\/\/valenciasjb.salesianos.edu\/colegio\/wp-json\/wp\/v2\/pages\/25156","targetHints":{"allow":["GET"]}}],"collection":[{"href":"https:\/\/valenciasjb.salesianos.edu\/colegio\/wp-json\/wp\/v2\/pages"}],"about":[{"href":"https:\/\/valenciasjb.salesianos.edu\/colegio\/wp-json\/wp\/v2\/types\/page"}],"author":[{"embeddable":true,"href":"https:\/\/valenciasjb.salesianos.edu\/colegio\/wp-json\/wp\/v2\/users\/2"}],"replies":[{"embeddable":true,"href":"https:\/\/valenciasjb.salesianos.edu\/colegio\/wp-json\/wp\/v2\/comments?post=25156"}],"version-history":[{"count":9,"href":"https:\/\/valenciasjb.salesianos.edu\/colegio\/wp-json\/wp\/v2\/pages\/25156\/revisions"}],"predecessor-version":[{"id":25195,"href":"https:\/\/valenciasjb.salesianos.edu\/colegio\/wp-json\/wp\/v2\/pages\/25156\/revisions\/25195"}],"up":[{"embeddable":true,"href":"https:\/\/valenciasjb.salesianos.edu\/colegio\/wp-json\/wp\/v2\/pages\/25151"}],"wp:attachment":[{"href":"https:\/\/valenciasjb.salesianos.edu\/colegio\/wp-json\/wp\/v2\/media?parent=25156"}],"curies":[{"name":"wp","href":"https:\/\/api.w.org\/{rel}","templated":true}]}}