{"id":4421,"date":"2017-09-24T18:33:35","date_gmt":"2017-09-24T17:33:35","guid":{"rendered":"https:\/\/valenciasjb.salesianos.edu\/colegio\/?page_id=4421"},"modified":"2024-04-04T17:07:24","modified_gmt":"2024-04-04T16:07:24","slug":"direccion","status":"publish","type":"page","link":"https:\/\/valenciasjb.salesianos.edu\/colegio\/direccion\/","title":{"rendered":"Direcci\u00f3n"},"content":{"rendered":"<div id=\"fb-root\"><\/div>\n<p>[et_pb_section fb_built=\u00bb1&#8243; fullwidth=\u00bbon\u00bb admin_label=\u00bbCABECERA\u00bb _builder_version=\u00bb4.16&#8243; global_colors_info=\u00bb{}\u00bb][et_pb_fullwidth_header title=\u00bbDirecci\u00f3n\u00bb background_overlay_color=\u00bbRGBA(255,255,255,0)\u00bb title_font_color=\u00bb#ffffff\u00bb module_class=\u00bbpagina-imagen-cabecera\u00bb _builder_version=\u00bb4.18.0&#8243; title_font=\u00bbABeeZee||on||||||\u00bb title_text_color=\u00bb#ffffff\u00bb title_font_size=\u00bb40px\u00bb title_letter_spacing=\u00bb8px\u00bb title_line_height=\u00bb1.1em\u00bb background_color=\u00bb#E02B20&#8243; background_image=\u00bbhttps:\/\/valenciasjb.salesianos.edu\/colegio\/wp-content\/uploads\/sites\/2\/2022\/08\/Obrim_camins_valencia_blanco-01.png\u00bb background_size=\u00bbcontain\u00bb background_blend=\u00bbsoft-light\u00bb background_layout=\u00bblight\u00bb max_width_tablet=\u00bb50px\u00bb module_alignment=\u00bbright\u00bb child_filter_brightness=\u00bb99%\u00bb title_text_align_tablet=\u00bbright\u00bb title_text_align_phone=\u00bbright\u00bb title_text_align_last_edited=\u00bbon|tablet\u00bb title_text_shadow_style=\u00bbpreset1&#8243; title_text_shadow_horizontal_length=\u00bb0.12em\u00bb title_text_shadow_vertical_length=\u00bb0.12em\u00bb title_text_shadow_blur_strength=\u00bb0.11em\u00bb background_url=\u00bbhttps:\/\/alicante.salesianos.edu\/colegio\/wp-content\/uploads\/sites\/2\/2017\/04\/Captura-de-pantalla-2017-04-13-a-las-16.14.37.png\u00bb global_colors_info=\u00bb{}\u00bb button_one_text_size__hover_enabled=\u00bboff\u00bb button_one_text_size__hover=\u00bbnull\u00bb button_two_text_size__hover_enabled=\u00bboff\u00bb button_two_text_size__hover=\u00bbnull\u00bb button_one_text_color__hover_enabled=\u00bboff\u00bb button_one_text_color__hover=\u00bbnull\u00bb button_two_text_color__hover_enabled=\u00bboff\u00bb button_two_text_color__hover=\u00bbnull\u00bb button_one_border_width__hover_enabled=\u00bboff\u00bb button_one_border_width__hover=\u00bbnull\u00bb button_two_border_width__hover_enabled=\u00bboff\u00bb button_two_border_width__hover=\u00bbnull\u00bb button_one_border_color__hover_enabled=\u00bboff\u00bb button_one_border_color__hover=\u00bbnull\u00bb button_two_border_color__hover_enabled=\u00bboff\u00bb button_two_border_color__hover=\u00bbnull\u00bb button_one_border_radius__hover_enabled=\u00bboff\u00bb button_one_border_radius__hover=\u00bbnull\u00bb button_two_border_radius__hover_enabled=\u00bboff\u00bb button_two_border_radius__hover=\u00bbnull\u00bb button_one_letter_spacing__hover_enabled=\u00bboff\u00bb button_one_letter_spacing__hover=\u00bbnull\u00bb button_two_letter_spacing__hover_enabled=\u00bboff\u00bb button_two_letter_spacing__hover=\u00bbnull\u00bb button_one_bg_color__hover_enabled=\u00bboff\u00bb button_one_bg_color__hover=\u00bbnull\u00bb button_two_bg_color__hover_enabled=\u00bboff\u00bb button_two_bg_color__hover=\u00bbnull\u00bb][\/et_pb_fullwidth_header][\/et_pb_section][et_pb_section fb_built=\u00bb1&#8243; module_class=\u00bbpagina-seccion-contenido\u00bb _builder_version=\u00bb4.16&#8243; custom_padding=\u00bb0%|||\u00bb global_colors_info=\u00bb{}\u00bb][et_pb_row _builder_version=\u00bb4.16&#8243; global_colors_info=\u00bb{}\u00bb][et_pb_column type=\u00bb4_4&#8243; _builder_version=\u00bb4.16&#8243; custom_padding=\u00bb|||\u00bb global_colors_info=\u00bb{}\u00bb custom_padding__hover=\u00bb|||\u00bb][et_pb_text _builder_version=\u00bb4.18.0&#8243; custom_margin=\u00bb|||\u00bb custom_padding=\u00bb|||\u00bb global_colors_info=\u00bb{}\u00bb]<\/p>\n<h1>Direcci\u00f3n al servicio del colegio<\/h1>\n<p>[\/et_pb_text][\/et_pb_column][\/et_pb_row][et_pb_row _builder_version=\u00bb4.16&#8243; background_size=\u00bbinitial\u00bb background_position=\u00bbtop_left\u00bb background_repeat=\u00bbrepeat\u00bb custom_padding=\u00bb26.453125px|0px|26px|0px\u00bb global_colors_info=\u00bb{}\u00bb][et_pb_column type=\u00bb4_4&#8243; _builder_version=\u00bb4.16&#8243; custom_padding=\u00bb|||\u00bb global_colors_info=\u00bb{}\u00bb custom_padding__hover=\u00bb|||\u00bb][et_pb_testimonial author=\u00bbJos\u00e9 Antonio Chaveli Gasc\u00f3n\u00bb job_title=\u00bbDirector del Colegio\u00bb company_name=\u00bbdireccioncolegio.valenciasjb@vsjb.salesianos.edu\u00bb url=\u00bbmailto:joseantonio.chaveli@vsjb.salesianos.edu\u00bb portrait_url=\u00bbhttps:\/\/valenciasjb.salesianos.edu\/colegio\/wp-content\/uploads\/sites\/2\/2022\/08\/59465330-78BE-49E2-BF00-69A5B02D7491.jpeg\u00bb admin_label=\u00bbRecomendaci\u00f3n Chaveli\u00bb _builder_version=\u00bb4.24.2&#8243; background_size=\u00bbinitial\u00bb background_position=\u00bbtop_left\u00bb background_repeat=\u00bbrepeat\u00bb hover_enabled=\u00bb0&#8243; z_index_tablet=\u00bb500&#8243; author_text_shadow_horizontal_length_tablet=\u00bb0px\u00bb author_text_shadow_vertical_length_tablet=\u00bb0px\u00bb author_text_shadow_blur_strength_tablet=\u00bb1px\u00bb position_text_shadow_horizontal_length_tablet=\u00bb0px\u00bb position_text_shadow_vertical_length_tablet=\u00bb0px\u00bb position_text_shadow_blur_strength_tablet=\u00bb1px\u00bb company_text_shadow_horizontal_length_tablet=\u00bb0px\u00bb company_text_shadow_vertical_length_tablet=\u00bb0px\u00bb company_text_shadow_blur_strength_tablet=\u00bb1px\u00bb body_link_text_shadow_horizontal_length_tablet=\u00bb0px\u00bb body_link_text_shadow_vertical_length_tablet=\u00bb0px\u00bb body_link_text_shadow_blur_strength_tablet=\u00bb1px\u00bb body_ul_text_shadow_horizontal_length_tablet=\u00bb0px\u00bb body_ul_text_shadow_vertical_length_tablet=\u00bb0px\u00bb body_ul_text_shadow_blur_strength_tablet=\u00bb1px\u00bb body_ol_text_shadow_horizontal_length_tablet=\u00bb0px\u00bb body_ol_text_shadow_vertical_length_tablet=\u00bb0px\u00bb body_ol_text_shadow_blur_strength_tablet=\u00bb1px\u00bb body_quote_text_shadow_horizontal_length_tablet=\u00bb0px\u00bb body_quote_text_shadow_vertical_length_tablet=\u00bb0px\u00bb body_quote_text_shadow_blur_strength_tablet=\u00bb1px\u00bb box_shadow_horizontal_tablet=\u00bb0px\u00bb box_shadow_vertical_tablet=\u00bb0px\u00bb box_shadow_blur_tablet=\u00bb40px\u00bb box_shadow_spread_tablet=\u00bb0px\u00bb box_shadow_horizontal_image_tablet=\u00bb0px\u00bb box_shadow_vertical_image_tablet=\u00bb0px\u00bb box_shadow_blur_image_tablet=\u00bb40px\u00bb box_shadow_spread_image_tablet=\u00bb0px\u00bb text_shadow_horizontal_length_tablet=\u00bb0px\u00bb text_shadow_vertical_length_tablet=\u00bb0px\u00bb text_shadow_blur_strength_tablet=\u00bb1px\u00bb global_colors_info=\u00bb{}\u00bb sticky_enabled=\u00bb0&#8243;]<\/p>\n<p><span style=\"font-weight: 400;\">.Saludos cordiales.<\/span><\/p>\n<p><span style=\"font-weight: 400;\">Soy <\/span><b>Jos\u00e9 Antonio Chaveli Gasc\u00f3n<\/b><span style=\"font-weight: 400;\">, Director del Colegio Salesianos San Juan Bosco de Valencia.<\/span><\/p>\n<p><span style=\"font-weight: 400;\">Quiero darte la bienvenida a este colegio que cuenta ya con m\u00e1s de 75 a\u00f1os\u00a0 al servicio de los ni\u00f1os y j\u00f3venes de nuestro barrio, poniendo especial inter\u00e9s en aquellos que tienen mayores dificultades.<\/span><\/p>\n<p><span style=\"font-weight: 400;\">Desde que comenz\u00f3 la andadura de este colegio en 1945, su propuesta educativo-pastoral ha ido evolucionando\u00a0 adapt\u00e1ndose a la realidad del contexto y a las necesidades de los ni\u00f1os, ni\u00f1as y j\u00f3venes de los barrios del sur de Valencia, para hacer de ellos \u201cHonrados ciudadanos y buenos cristianos\u201d ser\u00eda quer\u00eda Don Bosco.<\/span><\/p>\n<p><span style=\"font-weight: 400;\">En la actualidad el colegio del que tengo el honor de dirigir y del cual soy docente, es un colegio de vanguardia y con una propuesta innovadora. Concebimos la innovaci\u00f3n desde un punto de vista cr\u00edtico y siempre para la mejora de la consecuci\u00f3n de los objetivos previstos, que no son otros que la educaci\u00f3n integral de los chicos, chicas y j\u00f3venes, acompa\u00f1\u00e1ndolos en su crecimiento cient\u00edfico, humanista, emocional y en la fe. Y todo ello para conseguir, seg\u00fan nos indica nuestro prop\u00f3sito como colegio, que nuestros chicos y chicas contribuyan a la construcci\u00f3n de un mundo mejor, de un mundo m\u00e1s justo y m\u00e1s fraterno: \u201cEducar so\u00f1ando un mundo mejor\u201d.\u00a0<\/span><\/p>\n<p><span style=\"font-weight: 400;\">Nuestro prop\u00f3sito como escuela ser\u00eda imposible sin la concurrencia de un equipo docente y de personal de apoyo educativo formado, profesional y con una clara vocaci\u00f3n educadora hacia los j\u00f3venes al estilo de Don Bosco, que implica que la acci\u00f3n educadora se desarrolle en un ambiente de alegr\u00eda y creatividad, con una presencia educadora y significativa de los educadores entre los ni\u00f1os, ni\u00f1as y j\u00f3venes, que deben sentir que est\u00e1n en un ambiente de familia y afecto.<\/span><\/p>\n<p><span style=\"font-weight: 400;\">Adem\u00e1s nuestro colegio se integra como parte de una casa salesiana en la que, adem\u00e1s de una Comunidad Salesiana, tambi\u00e9n hay otros ambientes educativo-pastorales como son el Centro Juvenil Entre Amics, la plataforma educaci\u00f3n social <\/span><span style=\"font-weight: 400;\">(PES) Valencia San Juan Bosco perteneciente a la Fundaci\u00f3n FISAT Salesianos Social, la parroquia Mar\u00eda Auxiliadora, el Itinerario de Educaci\u00f3n en la Fe \u201cArrels\u201d y el Club Deportivo Don Bosco.<\/span><\/p>\n<p><span style=\"font-weight: 400;\">Esta web quiere ser nuestra ventana abierta. Te invito a que navegues en este espacio virtual para conocer nuestro colegio su propuesta educativo-pastoral actualizada, contextualizada e innovadora orientada a la formaci\u00f3n integral de nuestros chicos y chicas como ciudadanos de este siglo XXI.<\/span><\/p>\n<p>[\/et_pb_testimonial][\/et_pb_column][\/et_pb_row][et_pb_row column_structure=\u00bb3_4,1_4&#8243; module_class=\u00bbpagina-texto\u00bb _builder_version=\u00bb4.16&#8243; background_size=\u00bbinitial\u00bb background_position=\u00bbtop_left\u00bb background_repeat=\u00bbrepeat\u00bb custom_margin=\u00bb15px|||\u00bb custom_padding=\u00bb|||\u00bb global_colors_info=\u00bb{}\u00bb][et_pb_column type=\u00bb3_4&#8243; _builder_version=\u00bb4.16&#8243; custom_padding=\u00bb|||\u00bb global_colors_info=\u00bb{}\u00bb custom_padding__hover=\u00bb|||\u00bb][et_pb_text _builder_version=\u00bb4.16&#8243; background_size=\u00bbinitial\u00bb background_position=\u00bbtop_left\u00bb background_repeat=\u00bbrepeat\u00bb global_colors_info=\u00bb{}\u00bb]<\/p>\n<p class=\"\" style=\"text-align: left;\">Puedes llamar al tel\u00e9fono de contacto y te concertaremos una cita.<\/p>\n<p>[\/et_pb_text][\/et_pb_column][et_pb_column type=\u00bb1_4&#8243; _builder_version=\u00bb4.16&#8243; custom_padding=\u00bb|||\u00bb global_colors_info=\u00bb{}\u00bb custom_padding__hover=\u00bb|||\u00bb][et_pb_blurb title=\u00bb963 343 705&#8243; use_icon=\u00bbon\u00bb font_icon=\u00bb&#xe090;||divi||400&#8243; _builder_version=\u00bb4.16&#8243; header_font_size=\u00bb28px\u00bb body_font_size=\u00bb16px\u00bb text_orientation=\u00bbcenter\u00bb max_width_tablet=\u00bb50px\u00bb custom_margin=\u00bb|||\u00bb global_colors_info=\u00bb{}\u00bb][\/et_pb_blurb][et_pb_text _builder_version=\u00bb4.16&#8243; custom_margin=\u00bb|||\u00bb custom_padding=\u00bb|||\u00bb global_colors_info=\u00bb{}\u00bb]<\/p>\n<h2>\u00bfC\u00f3mo podemos vernos?<\/h2>\n<p>[\/et_pb_text][\/et_pb_column][\/et_pb_row][\/et_pb_section]<\/p>\n<!-- AddThis Advanced Settings generic via filter on the_content --><!-- AddThis Share Buttons generic via filter on the_content -->","protected":false},"excerpt":{"rendered":"<p>Direcci\u00f3n al servicio del colegio.Saludos cordiales. Soy Jos\u00e9 Antonio Chaveli Gasc\u00f3n, Director del Colegio Salesianos San Juan Bosco de Valencia. Quiero darte la bienvenida a este colegio que cuenta ya con m\u00e1s de 75 a\u00f1os\u00a0 al servicio de los ni\u00f1os y j\u00f3venes de nuestro barrio, poniendo especial inter\u00e9s en aquellos que tienen mayores dificultades. Desde [&hellip;]<\/p>\n<p><!-- AddThis Advanced Settings generic via filter on get_the_excerpt --><!-- AddThis Share Buttons generic via filter on get_the_excerpt --><\/p>\n","protected":false},"author":2,"featured_media":0,"parent":0,"menu_order":0,"comment_status":"closed","ping_status":"closed","template":"","meta":{"_et_pb_use_builder":"on","_et_pb_old_content":"","_et_gb_content_width":"","footnotes":""},"class_list":["post-4421","page","type-page","status-publish","hentry"],"yoast_head":"<!-- This site is optimized with the Yoast SEO plugin v27.4 - https:\/\/yoast.com\/product\/yoast-seo-wordpress\/ -->\n<title>Direcci\u00f3n - Colegio San Juan Bosco Valencia<\/title>\n<meta name=\"robots\" content=\"index, follow, max-snippet:-1, max-image-preview:large, max-video-preview:-1\" \/>\n<link rel=\"canonical\" href=\"https:\/\/valenciasjb.salesianos.edu\/colegio\/direccion\/\" \/>\n<meta property=\"og:locale\" content=\"es_ES\" \/>\n<meta property=\"og:type\" content=\"article\" \/>\n<meta property=\"og:title\" content=\"Direcci\u00f3n - Colegio San Juan Bosco Valencia\" \/>\n<meta property=\"og:description\" content=\"Direcci\u00f3n al servicio del colegio.Saludos cordiales. Soy Jos\u00e9 Antonio Chaveli Gasc\u00f3n, Director del Colegio Salesianos San Juan Bosco de Valencia. Quiero darte la bienvenida a este colegio que cuenta ya con m\u00e1s de 75 a\u00f1os\u00a0 al servicio de los ni\u00f1os y j\u00f3venes de nuestro barrio, poniendo especial inter\u00e9s en aquellos que tienen mayores dificultades. Desde [&hellip;]\" \/>\n<meta property=\"og:url\" content=\"https:\/\/valenciasjb.salesianos.edu\/colegio\/direccion\/\" \/>\n<meta property=\"og:site_name\" content=\"Colegio San Juan Bosco Valencia\" \/>\n<meta property=\"article:publisher\" content=\"https:\/\/www.facebook.com\/ColegioSalesianoSanJuanBoscoValencia\" \/>\n<meta property=\"article:modified_time\" content=\"2024-04-04T16:07:24+00:00\" \/>\n<meta name=\"twitter:card\" content=\"summary_large_image\" \/>\n<meta name=\"twitter:site\" content=\"@SalesianosVSJB\" \/>\n<meta name=\"twitter:label1\" content=\"Tiempo de lectura\" \/>\n\t<meta name=\"twitter:data1\" content=\"2 minutos\" \/>\n<script type=\"application\/ld+json\" class=\"yoast-schema-graph\">{\"@context\":\"https:\\\/\\\/schema.org\",\"@graph\":[{\"@type\":\"WebPage\",\"@id\":\"https:\\\/\\\/valenciasjb.salesianos.edu\\\/colegio\\\/direccion\\\/\",\"url\":\"https:\\\/\\\/valenciasjb.salesianos.edu\\\/colegio\\\/direccion\\\/\",\"name\":\"Direcci\u00f3n - Colegio San Juan Bosco Valencia\",\"isPartOf\":{\"@id\":\"https:\\\/\\\/valenciasjb.salesianos.edu\\\/colegio\\\/#website\"},\"datePublished\":\"2017-09-24T17:33:35+00:00\",\"dateModified\":\"2024-04-04T16:07:24+00:00\",\"breadcrumb\":{\"@id\":\"https:\\\/\\\/valenciasjb.salesianos.edu\\\/colegio\\\/direccion\\\/#breadcrumb\"},\"inLanguage\":\"es\",\"potentialAction\":[{\"@type\":\"ReadAction\",\"target\":[\"https:\\\/\\\/valenciasjb.salesianos.edu\\\/colegio\\\/direccion\\\/\"]}]},{\"@type\":\"BreadcrumbList\",\"@id\":\"https:\\\/\\\/valenciasjb.salesianos.edu\\\/colegio\\\/direccion\\\/#breadcrumb\",\"itemListElement\":[{\"@type\":\"ListItem\",\"position\":1,\"name\":\"Portada\",\"item\":\"https:\\\/\\\/valenciasjb.salesianos.edu\\\/colegio\\\/\"},{\"@type\":\"ListItem\",\"position\":2,\"name\":\"Direcci\u00f3n\"}]},{\"@type\":\"WebSite\",\"@id\":\"https:\\\/\\\/valenciasjb.salesianos.edu\\\/colegio\\\/#website\",\"url\":\"https:\\\/\\\/valenciasjb.salesianos.edu\\\/colegio\\\/\",\"name\":\"Colegio San Juan Bosco Valencia\",\"description\":\"P\u00e1gina oficial del Colegio Salesianos San Juan Bosco Valencia\",\"alternateName\":\"Salesianos.VSJB\",\"potentialAction\":[{\"@type\":\"SearchAction\",\"target\":{\"@type\":\"EntryPoint\",\"urlTemplate\":\"https:\\\/\\\/valenciasjb.salesianos.edu\\\/colegio\\\/?s={search_term_string}\"},\"query-input\":{\"@type\":\"PropertyValueSpecification\",\"valueRequired\":true,\"valueName\":\"search_term_string\"}}],\"inLanguage\":\"es\"}]}<\/script>\n<!-- \/ Yoast SEO plugin. -->","yoast_head_json":{"title":"Direcci\u00f3n - Colegio San Juan Bosco Valencia","robots":{"index":"index","follow":"follow","max-snippet":"max-snippet:-1","max-image-preview":"max-image-preview:large","max-video-preview":"max-video-preview:-1"},"canonical":"https:\/\/valenciasjb.salesianos.edu\/colegio\/direccion\/","og_locale":"es_ES","og_type":"article","og_title":"Direcci\u00f3n - Colegio San Juan Bosco Valencia","og_description":"Direcci\u00f3n al servicio del colegio.Saludos cordiales. Soy Jos\u00e9 Antonio Chaveli Gasc\u00f3n, Director del Colegio Salesianos San Juan Bosco de Valencia. Quiero darte la bienvenida a este colegio que cuenta ya con m\u00e1s de 75 a\u00f1os\u00a0 al servicio de los ni\u00f1os y j\u00f3venes de nuestro barrio, poniendo especial inter\u00e9s en aquellos que tienen mayores dificultades. Desde [&hellip;]","og_url":"https:\/\/valenciasjb.salesianos.edu\/colegio\/direccion\/","og_site_name":"Colegio San Juan Bosco Valencia","article_publisher":"https:\/\/www.facebook.com\/ColegioSalesianoSanJuanBoscoValencia","article_modified_time":"2024-04-04T16:07:24+00:00","twitter_card":"summary_large_image","twitter_site":"@SalesianosVSJB","twitter_misc":{"Tiempo de lectura":"2 minutos"},"schema":{"@context":"https:\/\/schema.org","@graph":[{"@type":"WebPage","@id":"https:\/\/valenciasjb.salesianos.edu\/colegio\/direccion\/","url":"https:\/\/valenciasjb.salesianos.edu\/colegio\/direccion\/","name":"Direcci\u00f3n - Colegio San Juan Bosco Valencia","isPartOf":{"@id":"https:\/\/valenciasjb.salesianos.edu\/colegio\/#website"},"datePublished":"2017-09-24T17:33:35+00:00","dateModified":"2024-04-04T16:07:24+00:00","breadcrumb":{"@id":"https:\/\/valenciasjb.salesianos.edu\/colegio\/direccion\/#breadcrumb"},"inLanguage":"es","potentialAction":[{"@type":"ReadAction","target":["https:\/\/valenciasjb.salesianos.edu\/colegio\/direccion\/"]}]},{"@type":"BreadcrumbList","@id":"https:\/\/valenciasjb.salesianos.edu\/colegio\/direccion\/#breadcrumb","itemListElement":[{"@type":"ListItem","position":1,"name":"Portada","item":"https:\/\/valenciasjb.salesianos.edu\/colegio\/"},{"@type":"ListItem","position":2,"name":"Direcci\u00f3n"}]},{"@type":"WebSite","@id":"https:\/\/valenciasjb.salesianos.edu\/colegio\/#website","url":"https:\/\/valenciasjb.salesianos.edu\/colegio\/","name":"Colegio San Juan Bosco Valencia","description":"P\u00e1gina oficial del Colegio Salesianos San Juan Bosco Valencia","alternateName":"Salesianos.VSJB","potentialAction":[{"@type":"SearchAction","target":{"@type":"EntryPoint","urlTemplate":"https:\/\/valenciasjb.salesianos.edu\/colegio\/?s={search_term_string}"},"query-input":{"@type":"PropertyValueSpecification","valueRequired":true,"valueName":"search_term_string"}}],"inLanguage":"es"}]}},"_links":{"self":[{"href":"https:\/\/valenciasjb.salesianos.edu\/colegio\/wp-json\/wp\/v2\/pages\/4421","targetHints":{"allow":["GET"]}}],"collection":[{"href":"https:\/\/valenciasjb.salesianos.edu\/colegio\/wp-json\/wp\/v2\/pages"}],"about":[{"href":"https:\/\/valenciasjb.salesianos.edu\/colegio\/wp-json\/wp\/v2\/types\/page"}],"author":[{"embeddable":true,"href":"https:\/\/valenciasjb.salesianos.edu\/colegio\/wp-json\/wp\/v2\/users\/2"}],"replies":[{"embeddable":true,"href":"https:\/\/valenciasjb.salesianos.edu\/colegio\/wp-json\/wp\/v2\/comments?post=4421"}],"version-history":[{"count":37,"href":"https:\/\/valenciasjb.salesianos.edu\/colegio\/wp-json\/wp\/v2\/pages\/4421\/revisions"}],"predecessor-version":[{"id":20535,"href":"https:\/\/valenciasjb.salesianos.edu\/colegio\/wp-json\/wp\/v2\/pages\/4421\/revisions\/20535"}],"wp:attachment":[{"href":"https:\/\/valenciasjb.salesianos.edu\/colegio\/wp-json\/wp\/v2\/media?parent=4421"}],"curies":[{"name":"wp","href":"https:\/\/api.w.org\/{rel}","templated":true}]}}